{"id":7899,"date":"2023-02-07T10:56:08","date_gmt":"2023-02-07T09:56:08","guid":{"rendered":"https:\/\/solarventi.dk\/se\/?post_type=portfolio&#038;p=7899"},"modified":"2024-07-08T13:08:53","modified_gmt":"2024-07-08T11:08:53","slug":"hvilken-loesning-skal-jeg-vaelge","status":"publish","type":"portfolio","link":"https:\/\/solarventi.dk\/se\/portfolio-item\/hvilken-loesning-skal-jeg-vaelge\/","title":{"rendered":"Hvilken l\u00f8sning skal jeg v\u00e6lge?"},"content":{"rendered":"<div class=\"wpb-content-wrapper\"><p>[vc_row][vc_column][vc_tta_accordion section_title_tag=&#8221;h6&#8243; active_section=&#8221;&#8221; heading=&#8221;h4&#8243;][vc_tta_section title=&#8221;Hvor kan jeg se et panel i drift?&#8221; tab_id=&#8221;1673434346361-6ffbfeff-0f12&#8243;][vc_column_text css=&#8221;&#8221;]<span class=\"TextRun SCXW82132799 BCX0\" lang=\"DA-DK\" xml:lang=\"DA-DK\" data-contrast=\"none\"><span class=\"SpellingError SCXW82132799 BCX0\">SolarVenti<\/span><span class=\"NormalTextRun SCXW82132799 BCX0\"> panelerne<\/span> <span class=\"NormalTextRun SCXW82132799 BCX0\">kan selvf\u00f8lgelig altid ses hos os<\/span><span class=\"NormalTextRun SCXW82132799 BCX0\">\u00a0<\/span><span class=\"NormalTextRun SCXW82132799 BCX0\">p\u00e5 Korinthvej 11 i 9220 Aalborg.<\/span><\/span><\/p>\n<p><span class=\"TextRun SCXW82132799 BCX0\" lang=\"DA-DK\" xml:lang=\"DA-DK\" data-contrast=\"none\"><span class=\"NormalTextRun SCXW82132799 BCX0\">Derudover har flere af vores mont\u00f8rer og forhandlere i hele landet paneler til udstilling. Sp\u00f8rg <\/span><span class=\"SpellingError SCXW82132799 BCX0\">SolarVenti<\/span><span class=\"NormalTextRun SCXW82132799 BCX0\"> om en liste over forhandlere eller se listen lige <a href=\"https:\/\/solarventi.dk\/se\/kontakt\/partnere\/danske-samarbejdspartnere\/\">her<\/a> p\u00e5 <\/span><span class=\"NormalTextRun CommentStart SCXW82132799 BCX0\">hjemmesiden.<\/span><\/span>[\/vc_column_text][\/vc_tta_section][vc_tta_section title=&#8221;Kan jeg slukke for systemet, f.eks. p\u00e5 en varm sommerdag?&#8221; tab_id=&#8221;1673434346377-d675694f-94ea&#8221;][vc_column_text]<strong>Ja<\/strong>, du kan altid slukke, hvis du ikke <span class=\"TextRun MacChromeBold SCXW246616178 BCX0\" lang=\"DA-DK\" xml:lang=\"DA-DK\" data-contrast=\"none\"><span class=\"NormalTextRun SCXW246616178 BCX0\">\u00f8nsker mere luftindbl\u00e6sning.<\/span><\/span><\/p>\n<p><strong><span class=\"TextRun MacChromeBold SCXW246616178 BCX0\" lang=\"DA-DK\" xml:lang=\"DA-DK\" data-contrast=\"none\"><span class=\"NormalTextRun SCXW246616178 BCX0\">S\u00e5dan kan du g\u00f8re:\u00a0<\/span><\/span><span class=\"EOP SCXW246616178 BCX0\" data-ccp-props=\"{&quot;201341983&quot;:0,&quot;335559739&quot;:160,&quot;335559740&quot;:259}\">\u00a0<\/span><\/strong><\/p>\n<p><em>Kontakt:<\/em><br \/>\nKontakten er ogs\u00e5 kaldet en t\u00e6nd\/sluk-knap eller en switch, hvor du kan slukke panelet.<\/p>\n<p><em>Regulator:<br \/>\n<\/em><span data-contrast=\"none\">En supplerende regulator, g\u00f8r det muligt at regulere luftgennemstr\u00f8mningen og indbl\u00e6sningsluftens temperatur. Det kan i visse situationer v\u00e6re praktisk at kunne regulere ned p\u00e5 luftgennemstr\u00f8mning og temperatur ved st\u00f8rre anl\u00e6g, n\u00e5r bygningens brugere opholder sig t\u00e6t p\u00e5 indbl\u00e6sningsventilen. <\/span><span data-contrast=\"none\">N\u00e5r luftstr\u00f8mmen begr\u00e6nses, vil temperaturen p\u00e5 indbl\u00e6sningsluften samtidig stige. Hvis du skruer p\u00e5 0, vil du s\u00e5ledes slukke for anl\u00e6gget.\u00a0<\/span><\/p>\n<p><em>SControl:<\/em><br \/>\nMed styringen her vil vi anbefale, at man ikke piller ved ops\u00e6tningen, da indbl\u00e6sningen ops\u00e6ttes til interval fra start.[\/vc_column_text][\/vc_tta_section][vc_tta_section title=&#8221;Kan man k\u00f8le med SolarVenti\u2019en?&#8221; tab_id=&#8221;1673435918671-da4404b2-f983&#8243;][vc_column_text]<span data-contrast=\"auto\"><span class=\"TextRun SCXW120013256 BCX0\" lang=\"DA-DK\" xml:lang=\"DA-DK\" data-contrast=\"auto\"><strong><span class=\"NormalTextRun SCXW120013256 BCX0\">Ja<\/span><\/strong><span class=\"NormalTextRun SCXW120013256 BCX0\">, <\/span><span class=\"NormalTextRun SCXW120013256 BCX0\">du k<\/span><span class=\"NormalTextRun SCXW120013256 BCX0\">an ops\u00e6tte et ventilations<\/span><span class=\"NormalTextRun SCXW120013256 BCX0\">s\u00e6t til at bl\u00e6se ind fra <\/span><span class=\"NormalTextRun SCXW120013256 BCX0\">den <\/span><span class=\"NormalTextRun SCXW120013256 BCX0\">nordvendte ende af huset<\/span><span class=\"NormalTextRun SCXW120013256 BCX0\">. Det vil betyde, at du p<\/span><span class=\"NormalTextRun SCXW120013256 BCX0\">\u00e5 varme sommerdage eksempelvis kan bl\u00e6se k\u00f8lig luft ind i huset. <\/span><span class=\"NormalTextRun SCXW120013256 BCX0\">D<\/span><span class=\"NormalTextRun SCXW120013256 BCX0\">et <\/span><span class=\"NormalTextRun SCXW120013256 BCX0\">er <\/span><span class=\"NormalTextRun SCXW120013256 BCX0\">str\u00f8mmen fra solcellen<\/span><span class=\"NormalTextRun SCXW120013256 BCX0\">,<\/span> <span class=\"NormalTextRun SCXW120013256 BCX0\">som er <\/span><span class=\"NormalTextRun SCXW120013256 BCX0\">integreret i panelet,<\/span><span class=\"NormalTextRun SCXW120013256 BCX0\"> der skaber den k\u00f8lige luft. H<\/span><span class=\"NormalTextRun SCXW120013256 BCX0\">vis panelet ikke indeholder <\/span><span class=\"NormalTextRun SCXW120013256 BCX0\">en <\/span><span class=\"NormalTextRun SCXW120013256 BCX0\">solcelle, s\u00e5 kan det tilsluttes regulatoren eller SControllen, s\u00e5 det k\u00f8rer igennem en termostatstyring.\u00a0<\/span><\/span><\/span>[\/vc_column_text][\/vc_tta_section][vc_tta_section title=&#8221;Hvorfor dimensionerer vi anl\u00e6g ud fra kvadratmeterm\u00e5l?&#8221; tab_id=&#8221;1675161617577-0b13f5ee-0efc&#8221;][vc_column_text]<span class=\"TextRun SCXW156495626 BCX0\" lang=\"DA-DK\" xml:lang=\"DA-DK\" data-contrast=\"auto\"><span class=\"NormalTextRun SCXW156495626 BCX0\">Det g\u00f8r vi for at vide os sikre p\u00e5, at vi f\u00e5r fugten med helt ud af boligen. Det kan vi vurdere p\u00e5 baggrund af antallet af kvadratmeter, som der er i bygningen. <\/span><span class=\"NormalTextRun SCXW156495626 BCX0\">Indbl\u00e6snings<\/span><span class=\"SpellingError SCXW156495626 BCX0\">volumen<\/span><span class=\"NormalTextRun SCXW156495626 BCX0\"> samt indbl\u00e6sningshastighed f\u00f8lger a<\/span><span class=\"NormalTextRun SCXW156495626 BCX0\">nl\u00e6ggets st\u00f8rrelse<\/span><span class=\"NormalTextRun SCXW156495626 BCX0\">, og derfor skal disse v\u00e6re tilstr\u00e6kkeligt store ift. bygningen.<\/span><\/span><span class=\"EOP SCXW156495626 BCX0\" data-ccp-props=\"{&quot;134233117&quot;:false,&quot;134233118&quot;:false,&quot;201341983&quot;:0,&quot;335551550&quot;:1,&quot;335551620&quot;:1,&quot;335559685&quot;:0,&quot;335559737&quot;:0,&quot;335559738&quot;:0,&quot;335559739&quot;:160,&quot;335559740&quot;:259}\">\u00a0<\/span>[\/vc_column_text][\/vc_tta_section][\/vc_tta_accordion][\/vc_column][\/vc_row]<\/p>\n<\/div>","protected":false},"excerpt":{"rendered":"<p>[vc_row][vc_column][vc_tta_accordion section_title_tag=&#8221;h6&#8243; active_section=&#8221;&#8221; heading=&#8221;h4&#8243;][vc_tta_section title=&#8221;Hvor kan jeg se et panel i drift?&#8221; tab_id=&#8221;1673434346361-6ffbfeff-0f12&#8243;][vc_column_text css=&#8221;&#8221;]SolarVenti panelerne kan selvf\u00f8lgelig altid ses hos os\u00a0p\u00e5 Korinthvej 11 i 9220 Aalborg. Derudover har flere af vores mont\u00f8rer og forhandlere i hele landet paneler til udstilling. Sp\u00f8rg SolarVenti om en liste over forhandlere eller se listen lige her p\u00e5 hjemmesiden.[\/vc_column_text][\/vc_tta_section][vc_tta_section title=&#8221;Kan [&hellip;]<\/p>\n","protected":false},"author":1,"featured_media":0,"menu_order":0,"comment_status":"closed","ping_status":"closed","template":"","meta":[],"portfolio_category":[],"portfolio_field":[],"class_list":["post-7899","portfolio","type-portfolio","status-publish","hentry","grve-entry-item"],"yoast_head":"<!-- This site is optimized with the Yoast SEO Premium plugin v25.1 (Yoast SEO v25.1) - https:\/\/yoast.com\/wordpress\/plugins\/seo\/ -->\n<title>Hvilken l\u00f8sning skal jeg v\u00e6lge? - SolarVenti SVERIGE<\/title>\n<meta name=\"description\" content=\"Hvor kan jeg se et panel i drift? Hvilken model skal jeg v\u00e6lge? Find svar p\u00e5 hvilken l\u00f8sning du skal v\u00e6lge her.\" \/>\n<meta name=\"robots\" content=\"index, follow, max-snippet:-1, max-image-preview:large, max-video-preview:-1\" \/>\n<link rel=\"canonical\" href=\"https:\/\/solarventi.dk\/se\/portfolio-item\/hvilken-loesning-skal-jeg-vaelge\/\" \/>\n<meta property=\"og:locale\" content=\"sv_SE\" \/>\n<meta property=\"og:type\" content=\"article\" \/>\n<meta property=\"og:title\" content=\"Hvilken l\u00f8sning skal jeg v\u00e6lge?\" \/>\n<meta property=\"og:description\" content=\"Hvor kan jeg se et panel i drift? Hvilken model skal jeg v\u00e6lge? Find svar p\u00e5 hvilken l\u00f8sning du skal v\u00e6lge her.\" \/>\n<meta property=\"og:url\" content=\"https:\/\/solarventi.dk\/se\/portfolio-item\/hvilken-loesning-skal-jeg-vaelge\/\" \/>\n<meta property=\"og:site_name\" content=\"SolarVenti SVERIGE\" \/>\n<meta property=\"article:publisher\" content=\"https:\/\/facebook.com\/solarventidk\" \/>\n<meta property=\"article:modified_time\" content=\"2024-07-08T11:08:53+00:00\" \/>\n<meta name=\"twitter:card\" content=\"summary_large_image\" \/>\n<meta name=\"twitter:label1\" content=\"Ber\u00e4knad l\u00e4stid\" \/>\n\t<meta name=\"twitter:data1\" content=\"2 minuter\" \/>\n<script type=\"application\/ld+json\" class=\"yoast-schema-graph\">{\"@context\":\"https:\/\/schema.org\",\"@graph\":[{\"@type\":\"WebPage\",\"@id\":\"https:\/\/solarventi.dk\/se\/portfolio-item\/hvilken-loesning-skal-jeg-vaelge\/\",\"url\":\"https:\/\/solarventi.dk\/se\/portfolio-item\/hvilken-loesning-skal-jeg-vaelge\/\",\"name\":\"Hvilken l\u00f8sning skal jeg v\u00e6lge? - SolarVenti SVERIGE\",\"isPartOf\":{\"@id\":\"https:\/\/solarventi.dk\/se\/#website\"},\"datePublished\":\"2023-02-07T09:56:08+00:00\",\"dateModified\":\"2024-07-08T11:08:53+00:00\",\"description\":\"Hvor kan jeg se et panel i drift? Hvilken model skal jeg v\u00e6lge? Find svar p\u00e5 hvilken l\u00f8sning du skal v\u00e6lge her.\",\"breadcrumb\":{\"@id\":\"https:\/\/solarventi.dk\/se\/portfolio-item\/hvilken-loesning-skal-jeg-vaelge\/#breadcrumb\"},\"inLanguage\":\"sv-SE\",\"potentialAction\":[{\"@type\":\"ReadAction\",\"target\":[\"https:\/\/solarventi.dk\/se\/portfolio-item\/hvilken-loesning-skal-jeg-vaelge\/\"]}]},{\"@type\":\"BreadcrumbList\",\"@id\":\"https:\/\/solarventi.dk\/se\/portfolio-item\/hvilken-loesning-skal-jeg-vaelge\/#breadcrumb\",\"itemListElement\":[{\"@type\":\"ListItem\",\"position\":1,\"name\":\"Forside\",\"item\":\"https:\/\/solarventi.dk\/se\/\"},{\"@type\":\"ListItem\",\"position\":2,\"name\":\"Portfolio Items\",\"item\":\"https:\/\/solarventi.dk\/se\/portfolio-item\/\"},{\"@type\":\"ListItem\",\"position\":3,\"name\":\"Hvilken l\u00f8sning skal jeg v\u00e6lge?\"}]},{\"@type\":\"WebSite\",\"@id\":\"https:\/\/solarventi.dk\/se\/#website\",\"url\":\"https:\/\/solarventi.dk\/se\/\",\"name\":\"SolarVenti SVERIGE\",\"description\":\"\",\"publisher\":{\"@id\":\"https:\/\/solarventi.dk\/se\/#organization\"},\"potentialAction\":[{\"@type\":\"SearchAction\",\"target\":{\"@type\":\"EntryPoint\",\"urlTemplate\":\"https:\/\/solarventi.dk\/se\/?s={search_term_string}\"},\"query-input\":{\"@type\":\"PropertyValueSpecification\",\"valueRequired\":true,\"valueName\":\"search_term_string\"}}],\"inLanguage\":\"sv-SE\"},{\"@type\":\"Organization\",\"@id\":\"https:\/\/solarventi.dk\/se\/#organization\",\"name\":\"SolarVenti SVERIGE\",\"url\":\"https:\/\/solarventi.dk\/se\/\",\"logo\":{\"@type\":\"ImageObject\",\"inLanguage\":\"sv-SE\",\"@id\":\"https:\/\/solarventi.dk\/se\/#\/schema\/logo\/image\/\",\"url\":\"https:\/\/solarventi.dk\/se\/wp-content\/uploads\/sites\/10\/2021\/09\/cropped-favicon-6.png\",\"contentUrl\":\"https:\/\/solarventi.dk\/se\/wp-content\/uploads\/sites\/10\/2021\/09\/cropped-favicon-6.png\",\"width\":512,\"height\":512,\"caption\":\"SolarVenti SVERIGE\"},\"image\":{\"@id\":\"https:\/\/solarventi.dk\/se\/#\/schema\/logo\/image\/\"},\"sameAs\":[\"https:\/\/facebook.com\/solarventidk\"]}]}<\/script>\n<!-- \/ Yoast SEO Premium plugin. -->","yoast_head_json":{"title":"Hvilken l\u00f8sning skal jeg v\u00e6lge? - SolarVenti SVERIGE","description":"Hvor kan jeg se et panel i drift? Hvilken model skal jeg v\u00e6lge? Find svar p\u00e5 hvilken l\u00f8sning du skal v\u00e6lge her.","robots":{"index":"index","follow":"follow","max-snippet":"max-snippet:-1","max-image-preview":"max-image-preview:large","max-video-preview":"max-video-preview:-1"},"canonical":"https:\/\/solarventi.dk\/se\/portfolio-item\/hvilken-loesning-skal-jeg-vaelge\/","og_locale":"sv_SE","og_type":"article","og_title":"Hvilken l\u00f8sning skal jeg v\u00e6lge?","og_description":"Hvor kan jeg se et panel i drift? Hvilken model skal jeg v\u00e6lge? Find svar p\u00e5 hvilken l\u00f8sning du skal v\u00e6lge her.","og_url":"https:\/\/solarventi.dk\/se\/portfolio-item\/hvilken-loesning-skal-jeg-vaelge\/","og_site_name":"SolarVenti SVERIGE","article_publisher":"https:\/\/facebook.com\/solarventidk","article_modified_time":"2024-07-08T11:08:53+00:00","twitter_card":"summary_large_image","twitter_misc":{"Ber\u00e4knad l\u00e4stid":"2 minuter"},"schema":{"@context":"https:\/\/schema.org","@graph":[{"@type":"WebPage","@id":"https:\/\/solarventi.dk\/se\/portfolio-item\/hvilken-loesning-skal-jeg-vaelge\/","url":"https:\/\/solarventi.dk\/se\/portfolio-item\/hvilken-loesning-skal-jeg-vaelge\/","name":"Hvilken l\u00f8sning skal jeg v\u00e6lge? - SolarVenti SVERIGE","isPartOf":{"@id":"https:\/\/solarventi.dk\/se\/#website"},"datePublished":"2023-02-07T09:56:08+00:00","dateModified":"2024-07-08T11:08:53+00:00","description":"Hvor kan jeg se et panel i drift? Hvilken model skal jeg v\u00e6lge? Find svar p\u00e5 hvilken l\u00f8sning du skal v\u00e6lge her.","breadcrumb":{"@id":"https:\/\/solarventi.dk\/se\/portfolio-item\/hvilken-loesning-skal-jeg-vaelge\/#breadcrumb"},"inLanguage":"sv-SE","potentialAction":[{"@type":"ReadAction","target":["https:\/\/solarventi.dk\/se\/portfolio-item\/hvilken-loesning-skal-jeg-vaelge\/"]}]},{"@type":"BreadcrumbList","@id":"https:\/\/solarventi.dk\/se\/portfolio-item\/hvilken-loesning-skal-jeg-vaelge\/#breadcrumb","itemListElement":[{"@type":"ListItem","position":1,"name":"Forside","item":"https:\/\/solarventi.dk\/se\/"},{"@type":"ListItem","position":2,"name":"Portfolio Items","item":"https:\/\/solarventi.dk\/se\/portfolio-item\/"},{"@type":"ListItem","position":3,"name":"Hvilken l\u00f8sning skal jeg v\u00e6lge?"}]},{"@type":"WebSite","@id":"https:\/\/solarventi.dk\/se\/#website","url":"https:\/\/solarventi.dk\/se\/","name":"SolarVenti SVERIGE","description":"","publisher":{"@id":"https:\/\/solarventi.dk\/se\/#organization"},"potentialAction":[{"@type":"SearchAction","target":{"@type":"EntryPoint","urlTemplate":"https:\/\/solarventi.dk\/se\/?s={search_term_string}"},"query-input":{"@type":"PropertyValueSpecification","valueRequired":true,"valueName":"search_term_string"}}],"inLanguage":"sv-SE"},{"@type":"Organization","@id":"https:\/\/solarventi.dk\/se\/#organization","name":"SolarVenti SVERIGE","url":"https:\/\/solarventi.dk\/se\/","logo":{"@type":"ImageObject","inLanguage":"sv-SE","@id":"https:\/\/solarventi.dk\/se\/#\/schema\/logo\/image\/","url":"https:\/\/solarventi.dk\/se\/wp-content\/uploads\/sites\/10\/2021\/09\/cropped-favicon-6.png","contentUrl":"https:\/\/solarventi.dk\/se\/wp-content\/uploads\/sites\/10\/2021\/09\/cropped-favicon-6.png","width":512,"height":512,"caption":"SolarVenti SVERIGE"},"image":{"@id":"https:\/\/solarventi.dk\/se\/#\/schema\/logo\/image\/"},"sameAs":["https:\/\/facebook.com\/solarventidk"]}]}},"_links":{"self":[{"href":"https:\/\/solarventi.dk\/se\/wp-json\/wp\/v2\/portfolio\/7899","targetHints":{"allow":["GET"]}}],"collection":[{"href":"https:\/\/solarventi.dk\/se\/wp-json\/wp\/v2\/portfolio"}],"about":[{"href":"https:\/\/solarventi.dk\/se\/wp-json\/wp\/v2\/types\/portfolio"}],"author":[{"embeddable":true,"href":"https:\/\/solarventi.dk\/se\/wp-json\/wp\/v2\/users\/1"}],"replies":[{"embeddable":true,"href":"https:\/\/solarventi.dk\/se\/wp-json\/wp\/v2\/comments?post=7899"}],"wp:attachment":[{"href":"https:\/\/solarventi.dk\/se\/wp-json\/wp\/v2\/media?parent=7899"}],"wp:term":[{"taxonomy":"portfolio_category","embeddable":true,"href":"https:\/\/solarventi.dk\/se\/wp-json\/wp\/v2\/portfolio_category?post=7899"},{"taxonomy":"portfolio_field","embeddable":true,"href":"https:\/\/solarventi.dk\/se\/wp-json\/wp\/v2\/portfolio_field?post=7899"}],"curies":[{"name":"wp","href":"https:\/\/api.w.org\/{rel}","templated":true}]}}