{"id":3382,"date":"2021-10-12T10:20:56","date_gmt":"2021-10-12T08:20:56","guid":{"rendered":"https:\/\/solarventi.dk\/se.linux101.curanetserver.dk\/?page_id=3382"},"modified":"2023-08-10T13:55:49","modified_gmt":"2023-08-10T11:55:49","slug":"kolonihave","status":"publish","type":"page","link":"https:\/\/solarventi.dk\/se\/loesninger\/kolonihave\/","title":{"rendered":"Kolonihave"},"content":{"rendered":"<div class=\"wpb-content-wrapper\"><p>[vc_row padding_top_multiplier=&#8221;2x&#8221; padding_bottom_multiplier=&#8221;2x&#8221;][vc_column width=&#8221;4\/12&#8243;]<h2 class=\"grve-element grve-title grve-align-inherit grve-subtitle-text\"><span>B\u00e6redygtig ventilation der fjerner fugt og skaber et friskt og sundt indeklima \u00e5ret rundt.<\/span><\/h2>[\/vc_column][vc_column width=&#8221;8\/12&#8243;][vc_column_text]Med SolarVenti Kolonihave vil dit kolonihavehus altid byde dig velkommen med et dejligt friskt og sundt indeklima \u2013 ogs\u00e5 efter l\u00e6ngere tids frav\u00e6r. \u00c5ret rundt sender anl\u00e6gget nemlig t\u00f8r, iltet og filtreret luft ind i huset og bl\u00e6ser fugtig luft ud igen \u2013 helt gratis.[\/vc_column_text]<div class=\"grve-empty-space grve-height-1x\"><\/div><h3 class=\"grve-element grve-title grve-align-inherit grve-h3\"><span>Henrik har haft sin SolarVenti i 18 \u00e5r<\/span><\/h3>[vc_column_text]Henrik valgte SolarVenti til sit kolonihavehus kort tid efter han overtog det i 2004. SolarVenti&#8217;en k\u00f8rer nu p\u00e5 18. \u00e5r, og hver gang han tager ud i kolonihavehuset, bliver han m\u00f8dt af et friskt\u00a0indeklima. Med SolarVenti til at udf\u00f8re et kontinuerligt luftskifte, er det hurtigt at varme op. Se interviewet med Henrik herunder![\/vc_column_text]<div class=\"grve-empty-space grve-height-1x\"><\/div><div class=\"grve-element grve-video\"><iframe loading=\"lazy\" title=\"Henrik fort\u00e6ller om sit kolonihavehus&#039; indeklima med SolarVenti\" width=\"1080\" height=\"608\" src=\"https:\/\/www.youtube.com\/embed\/yRNg_PGMy2c?feature=oembed\" frameborder=\"0\" allow=\"accelerometer; autoplay; clipboard-write; encrypted-media; gyroscope; picture-in-picture\" allowfullscreen><\/iframe><\/div><div class=\"grve-empty-space grve-height-1x\"><\/div>[vc_column_text]Med fugten ude af huset forsvinder risikoen for skimmelsvamp, r\u00e5d og mug. Det betyder at indbo og \u00f8vrige ejendele ikke lugter, bliver sk\u00e6ve, ruster eller forfalder. Indeklimaet bliver ganske enkelt dejligt rart at v\u00e6re i &#8211; \u00e5ret rundt.[\/vc_column_text]<blockquote class=\"grve-element grve-quote-element grve-align-inherit\"><p>Som en ekstra gevinst reduceres CO2 aftrykket.<\/p><\/blockquote>[vc_column_text]SolarVenti Kolonihave er dansk produceret med en patenteret konstruktion og er et meget driftssikkert anl\u00e6g, der ikke skal kobles p\u00e5 el-nettet.<\/p>\n<p>SolarVenti Kolonihave er 100% soldrevet s\u00e5 det belaster ikke din pengepung. Samtidig reducerer anl\u00e6gget dine energiudgifter, da et t\u00f8rt hus er hurtigere at opvarme end et fugtigt. Og det er vigtigt for det giver et positivt tilskud til klodens CO<sub>2<\/sub> regnskab.<\/p>\n<p>SolarVenti er alts\u00e5 det perfekte b\u00e6redygtige valg af ventilation til kolonihavehuset. Og du kan roligt l\u00e6ne dig tilbage og nyde, at solen skinner p\u00e5 dig og dit hus, for der er ingen vedligeholdelse i de f\u00f8rste 15 \u00e5r og du er sikret 5 \u00e5rs produktgaranti.[\/vc_column_text][\/vc_column][\/vc_row][vc_row padding_top_multiplier=&#8221;&#8221; padding_bottom_multiplier=&#8221;2x&#8221;][vc_column width=&#8221;4\/12&#8243; content_width=&#8221;custom&#8221; horizontal_content_position=&#8221;center&#8221; mobile_content_width=&#8221;85&#8243; custom_content_width=&#8221;90vw&#8221;][\/vc_column][vc_column width=&#8221;8\/12&#8243;]<h3 class=\"grve-element grve-title grve-align-inherit grve-h3\"><span>V\u00e6lg model og se priser<\/span><\/h3><div style=\"height: 10px;\" class=\"grve-empty-space\"><\/div><div data-display-style=\"pagination\" data-spinner=\"no\" data-columns-large-screen=\"4\" data-columns=\"4\" data-columns-tablet-landscape=\"2\" data-columns-tablet-portrait=\"2\" data-columns-mobile=\"1\" data-layout=\"fitRows\" data-gutter-size=\"30\" data-animation=\"none\" data-items-height=\"equal\" class=\"grve-element grve-product grve-isotope woocommerce grve-with-gap\" id=\"el-1668413392445-9bed650c-8006\">\r\n\t<div class=\"grve-product-container grve-isotope-container\">\r\n\t\t<div class=\"grve-grid-sizer\"><\/div>\r\n\t\t<div class=\"post-5444 product type-product status-publish has-post-thumbnail product_cat-kolonihave product_cat-skur-anneks product_shipping_class-kt1 grve-entry-item first instock taxable shipping-taxable purchasable product-type-variable has-default-attributes\">\r\n\t\t\t<div class=\"grve-isotope-item-inner\">\r\n\t\t\t<div class=\"grve-hover-item grve-product-hover-style-1\">\n\t\t\t<div class=\"grve-media grve-image-hover\">\n\t\t<div class=\"grve-bg-white grve-hover-overlay grve-opacity-0\"><\/div>\n\t\t<a class=\"grve-item-url\" href=\"https:\/\/solarventi.dk\/se\/vare\/solarventi-sv3-daekker-op-til-25-m%c2%b2\/\"><span class=\"screen-reader-text\">SolarVenti SV3, t\u00e4cker upp till 25 m\u00b2<\/span><\/a>\n\t\t<img loading=\"lazy\" decoding=\"async\" width=\"607\" height=\"1024\" src=\"https:\/\/solarventi.dk\/se\/wp-content\/uploads\/sites\/10\/2023\/08\/Solarventi-SV-3-BLACK-front-1-607x1024.jpg\" class=\"attachment-large size-large wp-post-image\" alt=\"\" srcset=\"https:\/\/solarventi.dk\/se\/wp-content\/uploads\/sites\/10\/2023\/08\/Solarventi-SV-3-BLACK-front-1-607x1024.jpg 607w, https:\/\/solarventi.dk\/se\/wp-content\/uploads\/sites\/10\/2023\/08\/Solarventi-SV-3-BLACK-front-1-178x300.jpg 178w, https:\/\/solarventi.dk\/se\/wp-content\/uploads\/sites\/10\/2023\/08\/Solarventi-SV-3-BLACK-front-1-300x506.jpg 300w, https:\/\/solarventi.dk\/se\/wp-content\/uploads\/sites\/10\/2023\/08\/Solarventi-SV-3-BLACK-front-1-600x1013.jpg 600w, https:\/\/solarventi.dk\/se\/wp-content\/uploads\/sites\/10\/2023\/08\/Solarventi-SV-3-BLACK-front-1.jpg 640w\" sizes=\"auto, (max-width: 607px) 100vw, 607px\" \/><img loading=\"lazy\" decoding=\"async\" width=\"607\" height=\"1024\" src=\"https:\/\/solarventi.dk\/se\/wp-content\/uploads\/sites\/10\/2023\/08\/Solarventi-SV-3-BLACK-back-607x1024.jpg\" class=\"attachment-large size-large grve-product-thumbnail-second\" alt=\"\" srcset=\"https:\/\/solarventi.dk\/se\/wp-content\/uploads\/sites\/10\/2023\/08\/Solarventi-SV-3-BLACK-back-607x1024.jpg 607w, https:\/\/solarventi.dk\/se\/wp-content\/uploads\/sites\/10\/2023\/08\/Solarventi-SV-3-BLACK-back-178x300.jpg 178w, https:\/\/solarventi.dk\/se\/wp-content\/uploads\/sites\/10\/2023\/08\/Solarventi-SV-3-BLACK-back-300x506.jpg 300w, https:\/\/solarventi.dk\/se\/wp-content\/uploads\/sites\/10\/2023\/08\/Solarventi-SV-3-BLACK-back-600x1013.jpg 600w, https:\/\/solarventi.dk\/se\/wp-content\/uploads\/sites\/10\/2023\/08\/Solarventi-SV-3-BLACK-back.jpg 640w\" sizes=\"auto, (max-width: 607px) 100vw, 607px\" \/>\t<\/div>\n\t<div class=\"grve-content\">\n\t\t<div class=\"grve-content-inner\">\n\t\t\t<h3 class=\"grve-product-title grve-h6 grve-text-default\">SolarVenti SV3, t\u00e4cker upp till 25 m\u00b2<\/h3>\n\t\t\t<div class=\"grve-transform-wrapper grve-text-default\">\n\t\t\t\t<div class=\"grve-price-wrapper\">\n\t\t\t\t\t\n\t<span class=\"price\"><span class=\"pewc-label-before\">Fra<\/span> <span class=\"woocommerce-Price-amount amount\"><bdi><span class=\"woocommerce-Price-currencySymbol\">&#107;&#114;<\/span>&nbsp;4.300<\/bdi><\/span><\/span>\n\t\t\t\t<\/div>\n\t\t\t\t<div class=\"grve-add-to-cart-wrapper\">\n\t\t\t\t\t<a href=\"https:\/\/solarventi.dk\/se\/vare\/solarventi-sv3-daekker-op-til-25-m%c2%b2\/\" aria-describedby=\"woocommerce_loop_add_to_cart_link_describedby_5444\" data-quantity=\"1\" class=\"button product_type_variable add_to_cart_button\" data-product_id=\"5444\" data-product_sku=\"\" aria-label=\"V\u00e4lj alternativ f\u00f6r \u201dSolarVenti SV3, t\u00e4cker upp till 25 m\u00b2\u201d\" rel=\"nofollow\">K\u00f8b nu<\/a>\t<span id=\"woocommerce_loop_add_to_cart_link_describedby_5444\" class=\"screen-reader-text\">\n\t\tDen h\u00e4r produkten har flera varianter. De olika alternativen kan v\u00e4ljas p\u00e5 produktsidan\t<\/span>\n\t\t\t\t<\/div>\n\t\t\t<\/div>\n\t\t<\/div>\n\t<\/div>\n<\/div>\t\t\t<\/div>\r\n\t\t<\/div>\r\n\t\t<div class=\"post-10255 product type-product status-publish has-post-thumbnail product_cat-kolonihave product_cat-skur-anneks product_cat-sommerhus product_cat-tiny-house product_shipping_class-kt1 grve-entry-item  instock taxable shipping-taxable purchasable product-type-variable has-default-attributes\">\r\n\t\t\t<div class=\"grve-isotope-item-inner\">\r\n\t\t\t<div class=\"grve-hover-item grve-product-hover-style-1\">\n\t\t\t<div class=\"grve-media grve-image-hover\">\n\t\t<div class=\"grve-bg-white grve-hover-overlay grve-opacity-0\"><\/div>\n\t\t<a class=\"grve-item-url\" href=\"https:\/\/solarventi.dk\/se\/vare\/solarventi-sv7-daekker-op-til-50-m%c2%b2\/\"><span class=\"screen-reader-text\">SolarVenti SV7, t\u00e4cker upp till 50 m\u00b2<\/span><\/a>\n\t\t<img loading=\"lazy\" decoding=\"async\" width=\"607\" height=\"1024\" src=\"https:\/\/solarventi.dk\/se\/wp-content\/uploads\/sites\/10\/2023\/08\/Solarventi-SV-7-BLACK-front-607x1024.jpg\" class=\"attachment-large size-large wp-post-image\" alt=\"\" srcset=\"https:\/\/solarventi.dk\/se\/wp-content\/uploads\/sites\/10\/2023\/08\/Solarventi-SV-7-BLACK-front-607x1024.jpg 607w, https:\/\/solarventi.dk\/se\/wp-content\/uploads\/sites\/10\/2023\/08\/Solarventi-SV-7-BLACK-front-178x300.jpg 178w, https:\/\/solarventi.dk\/se\/wp-content\/uploads\/sites\/10\/2023\/08\/Solarventi-SV-7-BLACK-front-300x506.jpg 300w, https:\/\/solarventi.dk\/se\/wp-content\/uploads\/sites\/10\/2023\/08\/Solarventi-SV-7-BLACK-front-600x1013.jpg 600w, https:\/\/solarventi.dk\/se\/wp-content\/uploads\/sites\/10\/2023\/08\/Solarventi-SV-7-BLACK-front.jpg 640w\" sizes=\"auto, (max-width: 607px) 100vw, 607px\" \/><img loading=\"lazy\" decoding=\"async\" width=\"607\" height=\"1024\" src=\"https:\/\/solarventi.dk\/se\/wp-content\/uploads\/sites\/10\/2023\/08\/Solarventi-SV-7-BLACK-back-607x1024.jpg\" class=\"attachment-large size-large grve-product-thumbnail-second\" alt=\"\" srcset=\"https:\/\/solarventi.dk\/se\/wp-content\/uploads\/sites\/10\/2023\/08\/Solarventi-SV-7-BLACK-back-607x1024.jpg 607w, https:\/\/solarventi.dk\/se\/wp-content\/uploads\/sites\/10\/2023\/08\/Solarventi-SV-7-BLACK-back-178x300.jpg 178w, https:\/\/solarventi.dk\/se\/wp-content\/uploads\/sites\/10\/2023\/08\/Solarventi-SV-7-BLACK-back-300x506.jpg 300w, https:\/\/solarventi.dk\/se\/wp-content\/uploads\/sites\/10\/2023\/08\/Solarventi-SV-7-BLACK-back-600x1013.jpg 600w, https:\/\/solarventi.dk\/se\/wp-content\/uploads\/sites\/10\/2023\/08\/Solarventi-SV-7-BLACK-back.jpg 640w\" sizes=\"auto, (max-width: 607px) 100vw, 607px\" \/>\t<\/div>\n\t<div class=\"grve-content\">\n\t\t<div class=\"grve-content-inner\">\n\t\t\t<h3 class=\"grve-product-title grve-h6 grve-text-default\">SolarVenti SV7, t\u00e4cker upp till 50 m\u00b2<\/h3>\n\t\t\t<div class=\"grve-transform-wrapper grve-text-default\">\n\t\t\t\t<div class=\"grve-price-wrapper\">\n\t\t\t\t\t\n\t<span class=\"price\"><span class=\"pewc-label-before\">Fra<\/span> <span class=\"woocommerce-Price-amount amount\"><bdi><span class=\"woocommerce-Price-currencySymbol\">&#107;&#114;<\/span>&nbsp;6.450<\/bdi><\/span><\/span>\n\t\t\t\t<\/div>\n\t\t\t\t<div class=\"grve-add-to-cart-wrapper\">\n\t\t\t\t\t<a href=\"https:\/\/solarventi.dk\/se\/vare\/solarventi-sv7-daekker-op-til-50-m%c2%b2\/\" aria-describedby=\"woocommerce_loop_add_to_cart_link_describedby_10255\" data-quantity=\"1\" class=\"button product_type_variable add_to_cart_button\" data-product_id=\"10255\" data-product_sku=\"\" aria-label=\"V\u00e4lj alternativ f\u00f6r \u201dSolarVenti SV7, t\u00e4cker upp till 50 m\u00b2\u201d\" rel=\"nofollow\">K\u00f8b nu<\/a>\t<span id=\"woocommerce_loop_add_to_cart_link_describedby_10255\" class=\"screen-reader-text\">\n\t\tDen h\u00e4r produkten har flera varianter. De olika alternativen kan v\u00e4ljas p\u00e5 produktsidan\t<\/span>\n\t\t\t\t<\/div>\n\t\t\t<\/div>\n\t\t<\/div>\n\t<\/div>\n<\/div>\t\t\t<\/div>\r\n\t\t<\/div>\r\n\t\t<div class=\"post-10238 product type-product status-publish has-post-thumbnail product_cat-kolonihave product_cat-sommerhus product_cat-tiny-house product_shipping_class-kt3 grve-entry-item last instock taxable shipping-taxable purchasable product-type-variable has-default-attributes\">\r\n\t\t\t<div class=\"grve-isotope-item-inner\">\r\n\t\t\t<div class=\"grve-hover-item grve-product-hover-style-1\">\n\t\t\t<div class=\"grve-media grve-image-hover\">\n\t\t<div class=\"grve-bg-white grve-hover-overlay grve-opacity-0\"><\/div>\n\t\t<a class=\"grve-item-url\" href=\"https:\/\/solarventi.dk\/se\/vare\/solarventi-sv14-daekker-op-til-80-m%c2%b2\/\"><span class=\"screen-reader-text\">SolarVenti SV14, t\u00e4cker upp till 80 m\u00b2<\/span><\/a>\n\t\t<img loading=\"lazy\" decoding=\"async\" width=\"607\" height=\"1024\" src=\"https:\/\/solarventi.dk\/se\/wp-content\/uploads\/sites\/10\/2023\/08\/Solarventi-SV-14-BLACK-front-607x1024.jpg\" class=\"attachment-large size-large wp-post-image\" alt=\"\" srcset=\"https:\/\/solarventi.dk\/se\/wp-content\/uploads\/sites\/10\/2023\/08\/Solarventi-SV-14-BLACK-front-607x1024.jpg 607w, https:\/\/solarventi.dk\/se\/wp-content\/uploads\/sites\/10\/2023\/08\/Solarventi-SV-14-BLACK-front-178x300.jpg 178w, https:\/\/solarventi.dk\/se\/wp-content\/uploads\/sites\/10\/2023\/08\/Solarventi-SV-14-BLACK-front-300x506.jpg 300w, https:\/\/solarventi.dk\/se\/wp-content\/uploads\/sites\/10\/2023\/08\/Solarventi-SV-14-BLACK-front-600x1013.jpg 600w, https:\/\/solarventi.dk\/se\/wp-content\/uploads\/sites\/10\/2023\/08\/Solarventi-SV-14-BLACK-front.jpg 640w\" sizes=\"auto, (max-width: 607px) 100vw, 607px\" \/><img loading=\"lazy\" decoding=\"async\" width=\"607\" height=\"1024\" src=\"https:\/\/solarventi.dk\/se\/wp-content\/uploads\/sites\/10\/2023\/08\/Solarventi-SV-14-BLACK-back-607x1024.jpg\" class=\"attachment-large size-large grve-product-thumbnail-second\" alt=\"\" srcset=\"https:\/\/solarventi.dk\/se\/wp-content\/uploads\/sites\/10\/2023\/08\/Solarventi-SV-14-BLACK-back-607x1024.jpg 607w, https:\/\/solarventi.dk\/se\/wp-content\/uploads\/sites\/10\/2023\/08\/Solarventi-SV-14-BLACK-back-178x300.jpg 178w, https:\/\/solarventi.dk\/se\/wp-content\/uploads\/sites\/10\/2023\/08\/Solarventi-SV-14-BLACK-back-300x506.jpg 300w, https:\/\/solarventi.dk\/se\/wp-content\/uploads\/sites\/10\/2023\/08\/Solarventi-SV-14-BLACK-back-600x1013.jpg 600w, https:\/\/solarventi.dk\/se\/wp-content\/uploads\/sites\/10\/2023\/08\/Solarventi-SV-14-BLACK-back.jpg 640w\" sizes=\"auto, (max-width: 607px) 100vw, 607px\" \/>\t<\/div>\n\t<div class=\"grve-content\">\n\t\t<div class=\"grve-content-inner\">\n\t\t\t<h3 class=\"grve-product-title grve-h6 grve-text-default\">SolarVenti SV14, t\u00e4cker upp till 80 m\u00b2<\/h3>\n\t\t\t<div class=\"grve-transform-wrapper grve-text-default\">\n\t\t\t\t<div class=\"grve-price-wrapper\">\n\t\t\t\t\t\n\t<span class=\"price\"><span class=\"pewc-label-before\">Fra<\/span> <span class=\"woocommerce-Price-amount amount\"><bdi><span class=\"woocommerce-Price-currencySymbol\">&#107;&#114;<\/span>&nbsp;9.800<\/bdi><\/span><\/span>\n\t\t\t\t<\/div>\n\t\t\t\t<div class=\"grve-add-to-cart-wrapper\">\n\t\t\t\t\t<a href=\"https:\/\/solarventi.dk\/se\/vare\/solarventi-sv14-daekker-op-til-80-m%c2%b2\/\" aria-describedby=\"woocommerce_loop_add_to_cart_link_describedby_10238\" data-quantity=\"1\" class=\"button product_type_variable add_to_cart_button\" data-product_id=\"10238\" data-product_sku=\"\" aria-label=\"V\u00e4lj alternativ f\u00f6r \u201dSolarVenti SV14, t\u00e4cker upp till 80 m\u00b2\u201d\" rel=\"nofollow\">K\u00f8b nu<\/a>\t<span id=\"woocommerce_loop_add_to_cart_link_describedby_10238\" class=\"screen-reader-text\">\n\t\tDen h\u00e4r produkten har flera varianter. De olika alternativen kan v\u00e4ljas p\u00e5 produktsidan\t<\/span>\n\t\t\t\t<\/div>\n\t\t\t<\/div>\n\t\t<\/div>\n\t<\/div>\n<\/div>\t\t\t<\/div>\r\n\t\t<\/div>\r\n\t<\/div>\r\n<\/div>\r\n[\/vc_column][\/vc_row][vc_row padding_top_multiplier=&#8221;custom&#8221; padding_bottom_multiplier=&#8221;custom&#8221; rc_bg_type=&#8221;color&#8221; padding_top=&#8221;40&#8243; padding_bottom=&#8221;40&#8243; rc_bg_color=&#8221;#e9f2fc&#8221; el_class=&#8221;vd-stepbystep&#8221;][vc_column width=&#8221;1\/4&#8243; content_width=&#8221;custom&#8221; horizontal_content_position=&#8221;center&#8221; mobile_content_width=&#8221;85&#8243; custom_content_width=&#8221;90vw&#8221;]<div class=\"grve-element grve-image grve-align-center\">\r\n\t<div class=\"grve-image-item\">\r\n\t\t\r\n\r\n<div class=\"grve-image-wrapper grve-radius-circle grve-no-effect\">\r\n\t\t<div class=\"grve-thumbnail-wrapper\"  style=\"width: 600px;\"><div class=\"grve-thumbnail\"  style=\"padding-top: 100%;\"><img loading=\"lazy\" decoding=\"async\" width=\"600\" height=\"600\" src=\"https:\/\/solarventi.dk\/se\/wp-content\/uploads\/sites\/10\/2021\/09\/stepbystep-img-01.jpg\" class=\"attachment-full size-full grve-lazy-load lazyload\" alt=\"Illustration af SolarVenti ventilation\" data-column-space=\"auto\" data-lazyload=\"\" data-grve-filter=\"yes\" srcset=\"https:\/\/solarventi.dk\/se\/wp-content\/themes\/impeka\/images\/empty\/empty.png\" data-src=\"https:\/\/solarventi.dk\/se\/wp-content\/uploads\/sites\/10\/2021\/09\/stepbystep-img-01.jpg\" data-sizes=\"auto\" data-srcset=\"https:\/\/solarventi.dk\/se\/wp-content\/uploads\/sites\/10\/2021\/09\/stepbystep-img-01.jpg 600w, https:\/\/solarventi.dk\/se\/wp-content\/uploads\/sites\/10\/2021\/09\/stepbystep-img-01-300x300.jpg 300w, https:\/\/solarventi.dk\/se\/wp-content\/uploads\/sites\/10\/2021\/09\/stepbystep-img-01-100x100.jpg 100w, https:\/\/solarventi.dk\/se\/wp-content\/uploads\/sites\/10\/2021\/09\/stepbystep-img-01-150x150.jpg 150w, https:\/\/solarventi.dk\/se\/wp-content\/uploads\/sites\/10\/2021\/09\/stepbystep-img-01-560x560.jpg 560w\" data-expand=\"1\" \/><\/div><\/div>\t<\/div>\r\n\t<\/div>\r\n<\/div>\r\n[\/vc_column][vc_column width=&#8221;3\/4&#8243; text_align=&#8221;center&#8221;]<h2 class=\"grve-element grve-title grve-align-center grve-h2\" style=\"margin-bottom: 25px;\"><span>S\u00e5dan fungerer SolarVenti som et naturligt \u00e5ndedr\u00e6t<\/span><\/h2>[vc_row_inner][vc_column_inner width=&#8221;1\/3&#8243;]<div class=\"grve-element grve-title grve-align-inherit grve-h3 grve-text-primary-1\" style=\"margin-bottom: 10px;\"><span>1<\/span><\/div>[vc_column_text]N\u00e5r solen skinner starter anl\u00e6gget. Udeluft tr\u00e6kkes ind igennem SolarVenti\u2019ens bagplade og et selvrensende filter filtrerer luften for pollen og partikler.[\/vc_column_text][\/vc_column_inner][vc_column_inner width=&#8221;1\/3&#8243;]<div class=\"grve-element grve-title grve-align-inherit grve-h3 grve-text-primary-1\" style=\"margin-bottom: 10px;\"><span>2<\/span><\/div>[vc_column_text]Luften opvarmes af solen og bl\u00e6ses ind i kolonihavehuset som frisk og t\u00f8r luft.[\/vc_column_text][\/vc_column_inner][vc_column_inner width=&#8221;1\/3&#8243;]<div class=\"grve-element grve-title grve-align-inherit grve-h3 grve-text-primary-1\" style=\"margin-bottom: 10px;\"><span>3<\/span><\/div>[vc_column_text]Den friske luft fungerer som en t\u00f8r svamp og suger fugten i kolonihavehuset til sig hvor\u00adefter den transporteres ud.[\/vc_column_text][\/vc_column_inner][\/vc_row_inner][\/vc_column][\/vc_row][vc_row padding_top_multiplier=&#8221;2x&#8221; padding_bottom_multiplier=&#8221;2x&#8221;][vc_column tablet_sm_width=&#8221;1&#8243; mobile_width=&#8221;1&#8243;][vc_column_text]<h2 id=\"tablepress-1-name\" class=\"tablepress-table-name tablepress-table-name-id-1\">Montage og alle anl\u00e6gsst\u00f8rrelser<\/h2>\n<span id=\"tablepress-1-description\" class=\"tablepress-table-description tablepress-table-description-id-1\">For at opn\u00e5 den st\u00f8rste effekt b\u00f8r anl\u00e6gget monteres p\u00e5 et solrigt sted. St\u00f8rrelsen af indend\u00f8rs areal (i kvadratmeter) bestemmer, hvor stort et anl\u00e6g du skal have. Er du i tvivl om, hvilken st\u00f8rrelse du skal v\u00e6lge, er du meget velkommen til at kontakte os. V\u00e6r opm\u00e6rksom p\u00e5, at det kan v\u00e6re skadeligt for et fugtigt rum at installere et anl\u00e6g, der yder en for lille luftstr\u00f8m, da det kan skabe kondens.<\/span>\n\n<table id=\"tablepress-1\" class=\"tablepress tablepress-id-1 vd-tabel-scroll\" aria-labelledby=\"tablepress-1-name\" aria-describedby=\"tablepress-1-description\">\n<thead>\n<tr class=\"row-1\">\n\t<th class=\"column-1\">SolarVenti<\/th><th class=\"column-2\">Op til 25 m<sup>2<\/sup><\/th><th class=\"column-3\">Op til 50 m<sup>2<\/sup><\/th><th class=\"column-4\">Op til 80 m<sup>2<\/sup><\/th><th class=\"column-5\">Op til 100 m<sup>2<\/sup><\/th><th class=\"column-6\">Op til 150 m<sup>2<\/sup><\/th>\n<\/tr>\n<\/thead>\n<tbody class=\"row-striping row-hover\">\n<tr class=\"row-2\">\n\t<td class=\"column-1\">Model<\/td><td class=\"column-2\"><a href=\"\/vare\/solarventi-sv3-daekker-op-til-25-m\u00b2\/\">SV3<\/a><\/td><td class=\"column-3\"><a href=\"\/vare\/solarventi-sv7-daekker-op-til-50-m\u00b2\/\">SV7<\/a><\/td><td class=\"column-4\"><a href=\"\/vare\/solarventi-sv14-daekker-op-til-80-m\u00b2\/\">SV14<\/a><\/td><td class=\"column-5\"><a href=\"\/vare\/solarventi-sv20-op-til-100-m\u00b2\/\">SV20<\/a><\/td><td class=\"column-6\"><a href=\"\/vare\/solarventi-sv30-daekker-op-til-150-m\u00b2\/\">SV30<\/a><\/td>\n<\/tr>\n<tr class=\"row-3\">\n\t<td class=\"column-1\">Pris<\/td><td class=\"column-2\">Fra DKK 2.990,00<\/td><td class=\"column-3\">Fra DKK 5.640,00<\/td><td class=\"column-4\">Fra DKK 9.730,00<\/td><td class=\"column-5\">Fra DKK 13.130,00<\/td><td class=\"column-6\">Fra DKK 18.260,00<\/td>\n<\/tr>\n<tr class=\"row-4\">\n\t<td class=\"column-1\">Montage<\/td><td class=\"column-2\">Fra DKK 3.500,00<\/td><td class=\"column-3\">Fra DKK 3.500,00<\/td><td class=\"column-4\">Fra DKK 3.500,00<\/td><td class=\"column-5\">Fra DKK 3.500,00<\/td><td class=\"column-6\">Fra DKK 3.500,00<\/td>\n<\/tr>\n<tr class=\"row-5\">\n\t<td class=\"column-1\">Dimensioner (L x B x D)<\/td><td class=\"column-2\">51,5 x 70 x 5,5 cm<\/td><td class=\"column-3\">102 x 70 x 5,5 cm<\/td><td class=\"column-4\">201 x 70 x 5,5 cm<\/td><td class=\"column-5\">201 x 102 x 5,5 cm<\/td><td class=\"column-6\">300 x 102 x 7,5 cm<\/td>\n<\/tr>\n<tr class=\"row-6\">\n\t<td class=\"column-1\">V\u00e6gt<\/td><td class=\"column-2\">4,3 kg<\/td><td class=\"column-3\">7,3 kg<\/td><td class=\"column-4\">11 kg<\/td><td class=\"column-5\">15 kg<\/td><td class=\"column-6\">24 kg<\/td>\n<\/tr>\n<tr class=\"row-7\">\n\t<td class=\"column-1\">Solcelle<\/td><td class=\"column-2\">Ja<\/td><td class=\"column-3\">Ja<\/td><td class=\"column-4\">Ja<\/td><td class=\"column-5\">Ja<\/td><td class=\"column-6\">Ja<\/td>\n<\/tr>\n<tr class=\"row-8\">\n\t<td class=\"column-1\">Ventilator<\/td><td class=\"column-2\">Ja<\/td><td class=\"column-3\">Ja<\/td><td class=\"column-4\">Ja<\/td><td class=\"column-5\">Ja<\/td><td class=\"column-6\">Ja<\/td>\n<\/tr>\n<tr class=\"row-9\">\n\t<td class=\"column-1\">Styringsenhed<\/td><td class=\"column-2\">Afbryder<\/td><td class=\"column-3\">Afbryder \/ Regulator<\/td><td class=\"column-4\">Afbryder \/ Regulator<\/td><td class=\"column-5\">Regulator<\/td><td class=\"column-6\">Regulator<\/td>\n<\/tr>\n<tr class=\"row-10\">\n\t<td class=\"column-1\">Montagekit<\/td><td class=\"column-2\">Ja<\/td><td class=\"column-3\">Ja<\/td><td class=\"column-4\">Ja<\/td><td class=\"column-5\">Ja<\/td><td class=\"column-6\">Ja<\/td>\n<\/tr>\n<tr class=\"row-11\">\n\t<td class=\"column-1\">Front (d\u00e6klag)<\/td><td class=\"column-2\">Polykarbonat<\/td><td class=\"column-3\">Polykarbonat<\/td><td class=\"column-4\">Polykarbonat<\/td><td class=\"column-5\">Polykarbonat<\/td><td class=\"column-6\">Polykarbonat<\/td>\n<\/tr>\n<tr class=\"row-12\">\n\t<td class=\"column-1\">Rammemateriale<\/td><td class=\"column-2\">Aluminium<\/td><td class=\"column-3\">Aluminium<\/td><td class=\"column-4\">Aluminium<\/td><td class=\"column-5\">Aluminium<\/td><td class=\"column-6\">Aluminium<\/td>\n<\/tr>\n<tr class=\"row-13\">\n\t<td class=\"column-1\">Rammefarve<\/td><td class=\"column-2\">Sort eller aluminium<\/td><td class=\"column-3\">Sort eller aluminium<\/td><td class=\"column-4\">Sort eller aluminium<\/td><td class=\"column-5\">Sort eller aluminium<\/td><td class=\"column-6\">Sort eller aluminium<\/td>\n<\/tr>\n<tr class=\"row-14\">\n\t<td class=\"column-1\">Ansl\u00e5et energitilf\u00f8rsel pr. \u00e5r<\/td><td class=\"column-2\">200 kWh<\/td><td class=\"column-3\">434 kWh<\/td><td class=\"column-4\">924 kWh<\/td><td class=\"column-5\">1.340 kWh<\/td><td class=\"column-6\">2.100 kWh<\/td>\n<\/tr>\n<tr class=\"row-15\">\n\t<td class=\"column-1\">Garanti*<\/td><td class=\"column-2\">5 \u00e5r<\/td><td class=\"column-3\">5 \u00e5r<\/td><td class=\"column-4\">5 \u00e5r<\/td><td class=\"column-5\">5 \u00e5r<\/td><td class=\"column-6\">5 \u00e5r<\/td>\n<\/tr>\n<tr class=\"row-16\">\n\t<td class=\"column-1\">Selvrensende<\/td><td class=\"column-2\">Ja<\/td><td class=\"column-3\">Ja<\/td><td class=\"column-4\">Ja<\/td><td class=\"column-5\">Ja<\/td><td class=\"column-6\">Ja<\/td>\n<\/tr>\n<tr class=\"row-17\">\n\t<td class=\"column-1\">Vedligeholdelsesfri<\/td><td class=\"column-2\">Ja<\/td><td class=\"column-3\">Ja<\/td><td class=\"column-4\">Ja<\/td><td class=\"column-5\">Ja<\/td><td class=\"column-6\">Ja<\/td>\n<\/tr>\n<tr class=\"row-18\">\n\t<td class=\"column-1\">Ansl\u00e5et levetid<\/td><td class=\"column-2\">15-20 \u00e5r<\/td><td class=\"column-3\">15-20 \u00e5r<\/td><td class=\"column-4\">15-20 \u00e5r<\/td><td class=\"column-5\">15-20 \u00e5r<\/td><td class=\"column-6\">15-20 \u00e5r<\/td>\n<\/tr>\n<\/tbody>\n<\/table>\n<!-- #tablepress-1 from cache -->[\/vc_column_text][\/vc_column][\/vc_row][vc_row padding_top_multiplier=&#8221;&#8221; padding_bottom_multiplier=&#8221;3x&#8221; columns_gap=&#8221;35&#8243;][vc_column]<h2 class=\"grve-element grve-title grve-align-inherit grve-h2\" style=\"margin-bottom: 25px;\"><span>Styringsenheder<\/span><\/h2><div style=\"height: 10px;\" class=\"grve-empty-space\"><\/div>[\/vc_column][vc_column width=&#8221;1\/3&#8243; el_class=&#8221;no-column-gap&#8221;][vc_column_text]<strong>Afbryder<\/strong><br \/>\nHvis du er p\u00e5 udkig efter en simpel styring til din SolarVenti, s\u00e5 er denne Afbryder den perfekte l\u00f8sning for dig. En afbryder er specielt designet til at fungere sammen med SolarVenti, og den vil give dig en problemfri og effektiv styring af dit anl\u00e6g. Du kan nemt og hurtigt t\u00e6nde og slukke for din SolarVenti, hvilket betyder, at du kan styre ventilationsenheden efter behov.[\/vc_column_text]<div style=\"height: 20px;\" class=\"grve-empty-space\"><\/div><div class=\"grve-element grve-align-left\"><a href=\"\/vare\/afbryder\/\" title=\"Se regulator i shoppen\" class=\"grve-btn-text grve-btn-only-text grve-text-primary-1 grve-text-hover-black grve-btn-medium grve-with-icon\">\r\n\t\t<div class=\"grve-btn-inner\">\r\n\t\t<span>L\u00e6s mere<\/span>\r\n\t\t\t\t\t\t\t<div class=\"grve-btn-icon\">\r\n\t\t\t<span class=\"grve-icon fas fa-chevron-circle-right\"><\/span>\r\n\t\t<\/div>\r\n\t\t\t\t\t<\/div>\r\n\t<\/a><\/div>[\/vc_column][vc_column width=&#8221;1\/3&#8243;][vc_column_text]<strong>Regulator<\/strong><br \/>\nEn regulator kan bl.a. regulere hastigheden p\u00e5 indbl\u00e6sningen. Desuden har den en indbygget rumtermostat, der sikrer, at SolarVenti&#8217;en slukker sig selv ved en \u00f8nsket temperatur. SolarVenti&#8217;en kan manuelt slukkes ved at skrue helt ned for indbl\u00e6sningen. Vi anbefaler, at du v\u00e6lger en regulator som styringsenhed, hvis du bor i sommerhus, kolonihave eller tiny house.[\/vc_column_text]<div style=\"height: 20px;\" class=\"grve-empty-space\"><\/div><div class=\"grve-element grve-align-left\"><a href=\"\/vare\/regulator\/\" title=\"Se regulator i shoppen\" class=\"grve-btn-text grve-btn-only-text grve-text-primary-1 grve-text-hover-black grve-btn-medium grve-with-icon\">\r\n\t\t<div class=\"grve-btn-inner\">\r\n\t\t<span>L\u00e6s mere<\/span>\r\n\t\t\t\t\t\t\t<div class=\"grve-btn-icon\">\r\n\t\t\t<span class=\"grve-icon fas fa-chevron-circle-right\"><\/span>\r\n\t\t<\/div>\r\n\t\t\t\t\t<\/div>\r\n\t<\/a><\/div>[\/vc_column][vc_column width=&#8221;1\/3&#8243;][vc_column_text]<strong>SControl<\/strong><br \/>\nVores mest avancerede styringsmodel, med automatisk temperatur-, fugt- og tidsstyrring, der sikrer optimal ventilation, selv n\u00e5r solen ikke skinner. Du kan programmere SControl, s\u00e5 den automatisk tilpasser sig dine behov og \u00f8nsker. Den indeholder bl.a. ogs\u00e5 en r\u00e6kke sikkerhedsfunktioner, der overv\u00e5ger udviklingen i fugtniveauet, k\u00f8rer p\u00e5 12 Volt og koster under 100 kr. \u00e5rligt i drift.[\/vc_column_text]<div style=\"height: 20px;\" class=\"grve-empty-space\"><\/div><div class=\"grve-element grve-align-left\"><a href=\"\/vare\/scontrol\/\" title=\"Se SControl i shoppen\" class=\"grve-btn-text grve-btn-only-text grve-text-primary-1 grve-text-hover-black grve-btn-medium grve-with-icon\">\r\n\t\t<div class=\"grve-btn-inner\">\r\n\t\t<span>L\u00e6s mere<\/span>\r\n\t\t\t\t\t\t\t<div class=\"grve-btn-icon\">\r\n\t\t\t<span class=\"grve-icon fas fa-chevron-circle-right\"><\/span>\r\n\t\t<\/div>\r\n\t\t\t\t\t<\/div>\r\n\t<\/a><\/div>[\/vc_column][\/vc_row][vc_row section_type=&#8221;fullwidth&#8221; padding_top_multiplier=&#8221;&#8221; padding_bottom_multiplier=&#8221;&#8221; rc_bg_type=&#8221;color&#8221; rc_bg_color=&#8221;#e9f2fc&#8221;][vc_column width=&#8221;1\/2&#8243; vertical_content_position=&#8221;middle&#8221; full_height=&#8221;yes&#8221; text_align=&#8221;center&#8221; rc_bg_type=&#8221;image&#8221; rc_bg_image=&#8221;3868&#8243;]<div style=\"height: 300px;\" class=\"grve-empty-space\"><\/div>[\/vc_column][vc_column width=&#8221;1\/2&#8243; content_width=&#8221;custom&#8221; vertical_content_position=&#8221;middle&#8221; grve_css=&#8221;{&#8221;desktop&#8221;:{&#8221;padding-top&#8221;:&#8221;10%&#8221;,&#8221;padding-right&#8221;:&#8221;15%&#8221;,&#8221;padding-bottom&#8221;:&#8221;10%&#8221;,&#8221;padding-left&#8221;:&#8221;15%&#8221;,&#8221;class&#8221;:&#8221;grve-wpb-1632132194296&#8221;}}&#8221; el_class=&#8221;no-column-gap&#8221; custom_content_width=&#8221;400px&#8221;]<h3 class=\"grve-element grve-title grve-align-inherit grve-h3\"><span>Har du sp\u00f8rgsm\u00e5l hj\u00e6lper vi gerne med at finde den rette l\u00f8sning til dit behov.<\/span><\/h3><div class=\"grve-element grve-align-left\"><a href=\"https:\/\/solarventi.dk\/se\/kontakt\/kontakt-solarventi\/\" title=\"Kontakt SolarVenti\" class=\"grve-btn-text grve-btn-only-text grve-text-primary-1 grve-text-hover-black grve-btn-medium grve-with-icon\">\r\n\t\t<div class=\"grve-btn-inner\">\r\n\t\t<span>Kontakt os<\/span>\r\n\t\t\t\t\t\t\t<div class=\"grve-btn-icon\">\r\n\t\t\t<span class=\"grve-icon fas fa-chevron-circle-right\"><\/span>\r\n\t\t<\/div>\r\n\t\t\t\t\t<\/div>\r\n\t<\/a><\/div>[\/vc_column][\/vc_row]<\/p>\n<\/div>","protected":false},"excerpt":{"rendered":"<p>[vc_row padding_top_multiplier=&#8221;2x&#8221; padding_bottom_multiplier=&#8221;2x&#8221;][vc_column width=&#8221;4\/12&#8243;][\/vc_column][vc_column width=&#8221;8\/12&#8243;][vc_column_text]Med SolarVenti Kolonihave vil dit kolonihavehus altid byde dig velkommen med et dejligt friskt og sundt indeklima \u2013 ogs\u00e5 efter l\u00e6ngere tids frav\u00e6r. \u00c5ret rundt sender anl\u00e6gget nemlig t\u00f8r, iltet og filtreret luft ind i huset og bl\u00e6ser fugtig luft ud igen \u2013 helt gratis.[\/vc_column_text][vc_column_text]Henrik valgte SolarVenti til sit kolonihavehus kort [&hellip;]<\/p>\n","protected":false},"author":1,"featured_media":3880,"parent":209,"menu_order":0,"comment_status":"closed","ping_status":"closed","template":"","meta":{"footnotes":""},"class_list":["post-3382","page","type-page","status-publish","has-post-thumbnail","hentry","grve-entry-item"],"yoast_head":"<!-- This site is optimized with the Yoast SEO Premium plugin v25.1 (Yoast SEO v25.1) - https:\/\/yoast.com\/wordpress\/plugins\/seo\/ -->\n<title>Solcelle ventilation og varme til kolonihavehus - SolarVenti \u00bb<\/title>\n<meta name=\"description\" content=\"Solcelle ventilation til kolonihavehus. Produceret af danske SolarVenti. F\u00e5 et frisk og t\u00f8rt indeklima i kolonihaven. L\u00e6s mere her \u00bb\" \/>\n<meta name=\"robots\" content=\"index, follow, max-snippet:-1, max-image-preview:large, max-video-preview:-1\" \/>\n<link rel=\"canonical\" href=\"https:\/\/solarventi.dk\/se\/loesninger\/kolonihave\/\" \/>\n<meta property=\"og:locale\" content=\"sv_SE\" \/>\n<meta property=\"og:type\" content=\"article\" \/>\n<meta property=\"og:title\" content=\"Kolonihave\" \/>\n<meta property=\"og:description\" content=\"Solcelle ventilation til kolonihavehus. Produceret af danske SolarVenti. F\u00e5 et frisk og t\u00f8rt indeklima i kolonihaven. L\u00e6s mere her \u00bb\" \/>\n<meta property=\"og:url\" content=\"https:\/\/solarventi.dk\/se\/loesninger\/kolonihave\/\" \/>\n<meta property=\"og:site_name\" content=\"SolarVenti SVERIGE\" \/>\n<meta property=\"article:publisher\" content=\"https:\/\/facebook.com\/solarventidk\" \/>\n<meta property=\"article:modified_time\" content=\"2023-08-10T11:55:49+00:00\" \/>\n<meta property=\"og:image\" content=\"https:\/\/solarventi.dk\/se\/wp-content\/uploads\/sites\/10\/2021\/10\/solarventi-top-kolonihave-03.jpg\" \/>\n\t<meta property=\"og:image:width\" content=\"1400\" \/>\n\t<meta property=\"og:image:height\" content=\"700\" \/>\n\t<meta property=\"og:image:type\" content=\"image\/jpeg\" \/>\n<meta name=\"twitter:card\" content=\"summary_large_image\" \/>\n<meta name=\"twitter:label1\" content=\"Ber\u00e4knad l\u00e4stid\" \/>\n\t<meta name=\"twitter:data1\" content=\"5 minuter\" \/>\n<script type=\"application\/ld+json\" class=\"yoast-schema-graph\">{\"@context\":\"https:\/\/schema.org\",\"@graph\":[{\"@type\":[\"WebPage\",\"CollectionPage\"],\"@id\":\"https:\/\/solarventi.dk\/se\/loesninger\/kolonihave\/\",\"url\":\"https:\/\/solarventi.dk\/se\/loesninger\/kolonihave\/\",\"name\":\"Solcelle ventilation og varme til kolonihavehus - SolarVenti \u00bb\",\"isPartOf\":{\"@id\":\"https:\/\/solarventi.dk\/se\/#website\"},\"primaryImageOfPage\":{\"@id\":\"https:\/\/solarventi.dk\/se\/loesninger\/kolonihave\/#primaryimage\"},\"image\":{\"@id\":\"https:\/\/solarventi.dk\/se\/loesninger\/kolonihave\/#primaryimage\"},\"thumbnailUrl\":\"https:\/\/solarventi.dk\/se\/wp-content\/uploads\/sites\/10\/2021\/10\/solarventi-top-kolonihave-03.jpg\",\"datePublished\":\"2021-10-12T08:20:56+00:00\",\"dateModified\":\"2023-08-10T11:55:49+00:00\",\"description\":\"Solcelle ventilation til kolonihavehus. Produceret af danske SolarVenti. F\u00e5 et frisk og t\u00f8rt indeklima i kolonihaven. L\u00e6s mere her \u00bb\",\"breadcrumb\":{\"@id\":\"https:\/\/solarventi.dk\/se\/loesninger\/kolonihave\/#breadcrumb\"},\"inLanguage\":\"sv-SE\"},{\"@type\":\"ImageObject\",\"inLanguage\":\"sv-SE\",\"@id\":\"https:\/\/solarventi.dk\/se\/loesninger\/kolonihave\/#primaryimage\",\"url\":\"https:\/\/solarventi.dk\/se\/wp-content\/uploads\/sites\/10\/2021\/10\/solarventi-top-kolonihave-03.jpg\",\"contentUrl\":\"https:\/\/solarventi.dk\/se\/wp-content\/uploads\/sites\/10\/2021\/10\/solarventi-top-kolonihave-03.jpg\",\"width\":1400,\"height\":700,\"caption\":\"SolarVenti Kolonihave giver et friskt og dejligt indeklima\"},{\"@type\":\"BreadcrumbList\",\"@id\":\"https:\/\/solarventi.dk\/se\/loesninger\/kolonihave\/#breadcrumb\",\"itemListElement\":[{\"@type\":\"ListItem\",\"position\":1,\"name\":\"Forside\",\"item\":\"https:\/\/solarventi.dk\/se\/\"},{\"@type\":\"ListItem\",\"position\":2,\"name\":\"L\u00f8sninger\",\"item\":\"https:\/\/solarventi.dk\/se\/loesninger\/\"},{\"@type\":\"ListItem\",\"position\":3,\"name\":\"Kolonihave\"}]},{\"@type\":\"WebSite\",\"@id\":\"https:\/\/solarventi.dk\/se\/#website\",\"url\":\"https:\/\/solarventi.dk\/se\/\",\"name\":\"SolarVenti SVERIGE\",\"description\":\"\",\"publisher\":{\"@id\":\"https:\/\/solarventi.dk\/se\/#organization\"},\"potentialAction\":[{\"@type\":\"SearchAction\",\"target\":{\"@type\":\"EntryPoint\",\"urlTemplate\":\"https:\/\/solarventi.dk\/se\/?s={search_term_string}\"},\"query-input\":{\"@type\":\"PropertyValueSpecification\",\"valueRequired\":true,\"valueName\":\"search_term_string\"}}],\"inLanguage\":\"sv-SE\"},{\"@type\":\"Organization\",\"@id\":\"https:\/\/solarventi.dk\/se\/#organization\",\"name\":\"SolarVenti SVERIGE\",\"url\":\"https:\/\/solarventi.dk\/se\/\",\"logo\":{\"@type\":\"ImageObject\",\"inLanguage\":\"sv-SE\",\"@id\":\"https:\/\/solarventi.dk\/se\/#\/schema\/logo\/image\/\",\"url\":\"https:\/\/solarventi.dk\/se\/wp-content\/uploads\/sites\/10\/2021\/09\/cropped-favicon-6.png\",\"contentUrl\":\"https:\/\/solarventi.dk\/se\/wp-content\/uploads\/sites\/10\/2021\/09\/cropped-favicon-6.png\",\"width\":512,\"height\":512,\"caption\":\"SolarVenti SVERIGE\"},\"image\":{\"@id\":\"https:\/\/solarventi.dk\/se\/#\/schema\/logo\/image\/\"},\"sameAs\":[\"https:\/\/facebook.com\/solarventidk\"]}]}<\/script>\n<!-- \/ Yoast SEO Premium plugin. -->","yoast_head_json":{"title":"Solcelle ventilation og varme til kolonihavehus - SolarVenti \u00bb","description":"Solcelle ventilation til kolonihavehus. Produceret af danske SolarVenti. F\u00e5 et frisk og t\u00f8rt indeklima i kolonihaven. L\u00e6s mere her \u00bb","robots":{"index":"index","follow":"follow","max-snippet":"max-snippet:-1","max-image-preview":"max-image-preview:large","max-video-preview":"max-video-preview:-1"},"canonical":"https:\/\/solarventi.dk\/se\/loesninger\/kolonihave\/","og_locale":"sv_SE","og_type":"article","og_title":"Kolonihave","og_description":"Solcelle ventilation til kolonihavehus. Produceret af danske SolarVenti. F\u00e5 et frisk og t\u00f8rt indeklima i kolonihaven. L\u00e6s mere her \u00bb","og_url":"https:\/\/solarventi.dk\/se\/loesninger\/kolonihave\/","og_site_name":"SolarVenti SVERIGE","article_publisher":"https:\/\/facebook.com\/solarventidk","article_modified_time":"2023-08-10T11:55:49+00:00","og_image":[{"width":1400,"height":700,"url":"https:\/\/solarventi.dk\/se\/wp-content\/uploads\/sites\/10\/2021\/10\/solarventi-top-kolonihave-03.jpg","type":"image\/jpeg"}],"twitter_card":"summary_large_image","twitter_misc":{"Ber\u00e4knad l\u00e4stid":"5 minuter"},"schema":{"@context":"https:\/\/schema.org","@graph":[{"@type":["WebPage","CollectionPage"],"@id":"https:\/\/solarventi.dk\/se\/loesninger\/kolonihave\/","url":"https:\/\/solarventi.dk\/se\/loesninger\/kolonihave\/","name":"Solcelle ventilation og varme til kolonihavehus - SolarVenti \u00bb","isPartOf":{"@id":"https:\/\/solarventi.dk\/se\/#website"},"primaryImageOfPage":{"@id":"https:\/\/solarventi.dk\/se\/loesninger\/kolonihave\/#primaryimage"},"image":{"@id":"https:\/\/solarventi.dk\/se\/loesninger\/kolonihave\/#primaryimage"},"thumbnailUrl":"https:\/\/solarventi.dk\/se\/wp-content\/uploads\/sites\/10\/2021\/10\/solarventi-top-kolonihave-03.jpg","datePublished":"2021-10-12T08:20:56+00:00","dateModified":"2023-08-10T11:55:49+00:00","description":"Solcelle ventilation til kolonihavehus. Produceret af danske SolarVenti. F\u00e5 et frisk og t\u00f8rt indeklima i kolonihaven. L\u00e6s mere her \u00bb","breadcrumb":{"@id":"https:\/\/solarventi.dk\/se\/loesninger\/kolonihave\/#breadcrumb"},"inLanguage":"sv-SE"},{"@type":"ImageObject","inLanguage":"sv-SE","@id":"https:\/\/solarventi.dk\/se\/loesninger\/kolonihave\/#primaryimage","url":"https:\/\/solarventi.dk\/se\/wp-content\/uploads\/sites\/10\/2021\/10\/solarventi-top-kolonihave-03.jpg","contentUrl":"https:\/\/solarventi.dk\/se\/wp-content\/uploads\/sites\/10\/2021\/10\/solarventi-top-kolonihave-03.jpg","width":1400,"height":700,"caption":"SolarVenti Kolonihave giver et friskt og dejligt indeklima"},{"@type":"BreadcrumbList","@id":"https:\/\/solarventi.dk\/se\/loesninger\/kolonihave\/#breadcrumb","itemListElement":[{"@type":"ListItem","position":1,"name":"Forside","item":"https:\/\/solarventi.dk\/se\/"},{"@type":"ListItem","position":2,"name":"L\u00f8sninger","item":"https:\/\/solarventi.dk\/se\/loesninger\/"},{"@type":"ListItem","position":3,"name":"Kolonihave"}]},{"@type":"WebSite","@id":"https:\/\/solarventi.dk\/se\/#website","url":"https:\/\/solarventi.dk\/se\/","name":"SolarVenti SVERIGE","description":"","publisher":{"@id":"https:\/\/solarventi.dk\/se\/#organization"},"potentialAction":[{"@type":"SearchAction","target":{"@type":"EntryPoint","urlTemplate":"https:\/\/solarventi.dk\/se\/?s={search_term_string}"},"query-input":{"@type":"PropertyValueSpecification","valueRequired":true,"valueName":"search_term_string"}}],"inLanguage":"sv-SE"},{"@type":"Organization","@id":"https:\/\/solarventi.dk\/se\/#organization","name":"SolarVenti SVERIGE","url":"https:\/\/solarventi.dk\/se\/","logo":{"@type":"ImageObject","inLanguage":"sv-SE","@id":"https:\/\/solarventi.dk\/se\/#\/schema\/logo\/image\/","url":"https:\/\/solarventi.dk\/se\/wp-content\/uploads\/sites\/10\/2021\/09\/cropped-favicon-6.png","contentUrl":"https:\/\/solarventi.dk\/se\/wp-content\/uploads\/sites\/10\/2021\/09\/cropped-favicon-6.png","width":512,"height":512,"caption":"SolarVenti SVERIGE"},"image":{"@id":"https:\/\/solarventi.dk\/se\/#\/schema\/logo\/image\/"},"sameAs":["https:\/\/facebook.com\/solarventidk"]}]}},"_links":{"self":[{"href":"https:\/\/solarventi.dk\/se\/wp-json\/wp\/v2\/pages\/3382","targetHints":{"allow":["GET"]}}],"collection":[{"href":"https:\/\/solarventi.dk\/se\/wp-json\/wp\/v2\/pages"}],"about":[{"href":"https:\/\/solarventi.dk\/se\/wp-json\/wp\/v2\/types\/page"}],"author":[{"embeddable":true,"href":"https:\/\/solarventi.dk\/se\/wp-json\/wp\/v2\/users\/1"}],"replies":[{"embeddable":true,"href":"https:\/\/solarventi.dk\/se\/wp-json\/wp\/v2\/comments?post=3382"}],"version-history":[{"count":0,"href":"https:\/\/solarventi.dk\/se\/wp-json\/wp\/v2\/pages\/3382\/revisions"}],"up":[{"embeddable":true,"href":"https:\/\/solarventi.dk\/se\/wp-json\/wp\/v2\/pages\/209"}],"wp:featuredmedia":[{"embeddable":true,"href":"https:\/\/solarventi.dk\/se\/wp-json\/wp\/v2\/media\/3880"}],"wp:attachment":[{"href":"https:\/\/solarventi.dk\/se\/wp-json\/wp\/v2\/media?parent=3382"}],"curies":[{"name":"wp","href":"https:\/\/api.w.org\/{rel}","templated":true}]}}