{"id":7903,"date":"2023-02-06T14:04:38","date_gmt":"2023-02-06T13:04:38","guid":{"rendered":"https:\/\/solarventi.dk\/no\/?post_type=portfolio&#038;p=7903"},"modified":"2024-04-19T19:07:27","modified_gmt":"2024-04-19T17:07:27","slug":"jeg-har-problemer-med-produktet-mitt","status":"publish","type":"portfolio","link":"https:\/\/solarventi.dk\/no\/portfolio-item\/jeg-har-problemer-med-produktet-mitt\/","title":{"rendered":"Jeg har problemer med produktet mitt"},"content":{"rendered":"<div class=\"wpb-content-wrapper\"><p>[vc_row][vc_column][vc_tta_accordion title_tag=&raquo;h3&#8243; section_title_tag=&raquo;h6&#8243; active_section=&raquo;&raquo; heading=&raquo;h4&#8243;][vc_tta_section title=&raquo;Min SolarVenti fungerer ikke lenger, hva gj\u00f8r jeg?&raquo; tab_id=&raquo;1673434346361-6ffbfeff-0f12&#8243;][vc_column_text]Bruk v\u00e5r feils\u00f8kingsveiledning som du finner <a href=\"https:\/\/solarventi.dk\/wp-content\/uploads\/sites\/8\/2021\/11\/udskiftning-af-solcelle.pdf\">her<\/a>.<\/p>\n<p>Solcellen og viften er de to mekaniske delene i anlegget, og det er som oftest med en av disse du kan finne feilen i anlegget ditt, men de kan enkelt skiftes ut. Vi anbefaler at du har begge endret samtidig hvis systemet er av en eldre dato og ikke lenger fungerer.<\/p>\n<p><span data-contrast=\"auto\">For at bestille en ny ventilator eller solcelle, skal vi v\u00e6re sikker p\u00e5 dimensionerne p\u00e5 anl\u00e6gget, som du har. Tjek dybden\/tykkelsen p\u00e5 anl\u00e6ggets ramme, og\/eller om ventilatoren i anl\u00e6gget er rund eller firkantet, og hvor mange watt den k\u00f8rer p\u00e5.<\/span><\/p>\n<p><span data-contrast=\"auto\">S\u00e5dan skifter du solcellen og ventilatoren ud. Klik <a href=\"https:\/\/solarventi.dk\/wp-content\/uploads\/sites\/8\/2021\/11\/udskiftning-af-solcelle.pdf\">her<\/a>!<\/span>[\/vc_column_text][\/vc_tta_section][vc_tta_section title=&raquo;Slik bytter jeg viften&raquo; tab_id=&raquo;1675678196537-e37e77b7-ac08&#8243;][vc_column_text]Hvis viften din ikke lenger fungerer, m\u00e5 den skiftes. Det har vi selvf\u00f8lgelig gode r\u00e5d til! N\u00e5r viften skal skiftes, m\u00e5 vi vite dimensjonene p\u00e5 systemet du har. Sjekk dybden\/tykkelsen p\u00e5 rammen til systemet og\/eller om viften i systemet er rund eller firkantet og hvor mange watt den g\u00e5r p\u00e5.<\/p>\n<p>Er rammen til planten ca. 10,5 cm tykk, det er v\u00e5r eldre samler, klassisk, og du trenger en firkantet vifte. Hvis det er ca. 5,5 eller 7,5 cm, du har en nyere modell, slimline, og viften skal v\u00e6re rund.<\/p>\n<p>For \u00e5 skifte viften (<a href=\"https:\/\/solarventi.dk\/wp-content\/uploads\/sites\/8\/2022\/10\/DK_Prisliste-2022-v.18.5-compressed.pdf\">produktkatalog side 23<\/a>):<\/p>\n<ul>\n<li data-leveltext=\"\uf0b7\" data-font=\"Symbol\" data-listid=\"1\" data-list-defn-props=\"{&quot;335552541&quot;:1,&quot;335559684&quot;:-2,&quot;335559685&quot;:720,&quot;335559991&quot;:360,&quot;469769226&quot;:&quot;Symbol&quot;,&quot;469769242&quot;:[8226],&quot;469777803&quot;:&quot;left&quot;,&quot;469777804&quot;:&quot;\uf0b7&quot;,&quot;469777815&quot;:&quot;hybridMultilevel&quot;}\" data-aria-posinset=\"1\" data-aria-level=\"1\">SV3\/SV7\/SV14\/SV20 slimline (5,5 cm tykke paneler) og SV14K\/SV20K. Spesifikasjon: Rundfrest vifte \u00d8125. 3,4W\/12V.<\/li>\n<li data-leveltext=\"\uf0b7\" data-font=\"Symbol\" data-listid=\"1\" data-list-defn-props=\"{&quot;335552541&quot;:1,&quot;335559684&quot;:-2,&quot;335559685&quot;:720,&quot;335559991&quot;:360,&quot;469769226&quot;:&quot;Symbol&quot;,&quot;469769242&quot;:[8226],&quot;469777803&quot;:&quot;left&quot;,&quot;469777804&quot;:&quot;\uf0b7&quot;,&quot;469777815&quot;:&quot;hybridMultilevel&quot;}\" data-aria-posinset=\"2\" data-aria-level=\"1\">SV30 midtlinje (7,5 cm tykke paneler) og SV30K. Spesifikasjon: Rundfrest vifte \u00d8125. 5,1W\/12V.<\/li>\n<li data-leveltext=\"\uf0b7\" data-font=\"Symbol\" data-listid=\"1\" data-list-defn-props=\"{&quot;335552541&quot;:1,&quot;335559684&quot;:-2,&quot;335559685&quot;:720,&quot;335559991&quot;:360,&quot;469769226&quot;:&quot;Symbol&quot;,&quot;469769242&quot;:[8226],&quot;469777803&quot;:&quot;left&quot;,&quot;469777804&quot;:&quot;\uf0b7&quot;,&quot;469777815&quot;:&quot;hybridMultilevel&quot;}\" data-aria-posinset=\"3\" data-aria-level=\"1\">SV7\/SV14 classic (10,5 cm tykke paneler). Spesifikasjon: Firkantet vifte 120mm x 120mm. 3,4W\/12V.<\/li>\n<li data-leveltext=\"\uf0b7\" data-font=\"Symbol\" data-listid=\"1\" data-list-defn-props=\"{&quot;335552541&quot;:1,&quot;335559684&quot;:-2,&quot;335559685&quot;:720,&quot;335559991&quot;:360,&quot;469769226&quot;:&quot;Symbol&quot;,&quot;469769242&quot;:[8226],&quot;469777803&quot;:&quot;left&quot;,&quot;469777804&quot;:&quot;\uf0b7&quot;,&quot;469777815&quot;:&quot;hybridMultilevel&quot;}\" data-aria-posinset=\"3\" data-aria-level=\"1\">SV30 classic (10,5 cm tykke paneler med to solceller i skinner). Spesifikasjon: Firkantet vifte 120mm x 120mm. 5,1W\/12V.<\/li>\n<\/ul>\n<p>Viften er rett bak solcellen, s\u00e5 du kan f\u00f8lge <a href=\"https:\/\/solarventi.dk\/wp-content\/uploads\/sites\/8\/2021\/11\/udskiftning-af-solcelle.pdf\">manualen<\/a>.[\/vc_column_text][\/vc_tta_section][vc_tta_section title=&raquo;Slik bytter jeg solcelle&raquo; tab_id=&raquo;1675678211449-f2eaa3d0-c34c&raquo;][vc_column_text]Hvis solcellen din ikke lenger fungerer, slutter anlegget \u00e5 g\u00e5. Vi har et lager fullt av reservedeler, inkludert solceller.<\/p>\n<p>For \u00e5 erstatte solcellen m\u00e5 vi vite dimensjonene til systemet ditt. Er rammen til planten ca. 10,5 cm tykk er det v\u00e5r eldre solfanger, klassisk, og hvis den er ca. 5,5\/7,5 cm, du har en nyere modell, slimline.<\/p>\n<p>For \u00e5 skifte viften (<a href=\"https:\/\/solarventi.dk\/wp-content\/uploads\/sites\/8\/2022\/10\/DK_Prisliste-2022-v.18.5-compressed.pdf\">produktkatalog side 23<\/a>):<\/p>\n<ul>\n<li data-leveltext=\"\uf0b7\" data-font=\"Symbol\" data-listid=\"1\" data-list-defn-props=\"{&quot;335552541&quot;:1,&quot;335559684&quot;:-2,&quot;335559685&quot;:720,&quot;335559991&quot;:360,&quot;469769226&quot;:&quot;Symbol&quot;,&quot;469769242&quot;:[8226],&quot;469777803&quot;:&quot;left&quot;,&quot;469777804&quot;:&quot;\uf0b7&quot;,&quot;469777815&quot;:&quot;hybridMultilevel&quot;}\" data-aria-posinset=\"1\" data-aria-level=\"1\">SV3\/SV7 (5,5 cm tykke paneler) og SV7 classic (10,5 cm tykke paneler). Spesifikasjon: Universal solcelle 12 W\/12 V, st\u00f8rrelse 35,5 cm x 35 cm.<\/li>\n<li>SV14\/SV20 (5,5 cm tykke paneler) og SV14 classic (10,5 cm tykke paneler). Spesifikasjon: Universal solcelle 18 W\/12 V, st\u00f8rrelse 55,5 cm x 35 cm.<\/li>\n<li data-leveltext=\"\uf0b7\" data-font=\"Symbol\" data-listid=\"1\" data-list-defn-props=\"{&quot;335552541&quot;:1,&quot;335559684&quot;:-2,&quot;335559685&quot;:720,&quot;335559991&quot;:360,&quot;469769226&quot;:&quot;Symbol&quot;,&quot;469769242&quot;:[8226],&quot;469777803&quot;:&quot;left&quot;,&quot;469777804&quot;:&quot;\uf0b7&quot;,&quot;469777815&quot;:&quot;hybridMultilevel&quot;}\" data-aria-posinset=\"2\" data-aria-level=\"1\">Alle SV30-paneler (7,5 cm og 10,5 cm tykke paneler) og SV30K. Spesifikasjon: Solcelle 18 W\/12 V, st\u00f8rrelse 55,5 cm x 35 cm.<\/li>\n<\/ul>\n<p>Hvordan skifte ut solcellen. Klikk <a href=\"https:\/\/solarventi.dk\/wp-content\/uploads\/sites\/8\/2021\/11\/udskiftning-af-solcelle.pdf\">her<\/a>![\/vc_column_text][\/vc_tta_section][vc_tta_section title=&raquo;Hvorfor er det synlig dugg p\u00e5 innsiden av min SolarVenti luftsolfanger?&raquo; tab_id=&raquo;1673434346377-d675694f-94ea&raquo;][vc_column_text]N\u00e5r SolarVentien er installert, kan synlig dugg dukke opp p\u00e5 innsiden av luftsolfangeren med jevne mellomrom. Dette er helt normalt og skader ikke systemet p\u00e5 noen m\u00e5te.<\/p>\n<p>N\u00e5r duggen blir synlig, skyldes det rett og slett m\u00f8tet \u2013 eller forskjellen \u2013 mellom den varme luften inne i luftsolfangerpanelet og den kaldere luften utenfor panelet. N\u00e5r to temperaturytterpunkter m\u00f8tes, vil det alltid v\u00e6re mulig \u00e5 avsette dugg p\u00e5 &#8216;duggpunktet&#8217; &#8211; som i dette tilfellet er innsiden av luftsolfangerens plastskjerm.<\/p>\n<p>Fuktsperren i tilf\u00f8rselen s\u00f8rger for at det ikke f\u00f8res dugg inn i huset.<\/p>\n<p>Duggen vil oftest oppst\u00e5 i situasjoner der luftsolfangeren nettopp har startet opp etter en lengre periode med nedetid p\u00e5 grunn av overskyet v\u00e6r. Her vil kontrasten mellom den varme luften inne i luftsamlerpanelet og utsiden v\u00e6re st\u00f8rst. \u00d8nsker du \u00e5 bli kvitt den synlige t\u00e5ken her og n\u00e5, kan en l\u00f8sning v\u00e6re \u00e5 sl\u00e5 av luftsolfangeren i en eller flere timer, avhengig av v\u00e6rforholdene. Under kj\u00f8lingen av luftsamlerpanelet vil typisk duggen forsvinne.[\/vc_column_text][\/vc_tta_section][vc_tta_section title=&raquo;Hvor lang tid tar det f\u00f8r fukten, lukten etc. er borte?&raquo; tab_id=&raquo;1673435918671-da4404b2-f983&#8243;][vc_column_text]Det er vanskelig \u00e5 si, da det avhenger av hvor mye fukt det er i huset\/rommet til \u00e5 begynne med, v\u00e6ret, plasseringen av anlegget, mengde m\u00f8bler m.m. Gi SolarVenti-en tid til \u00e5 jobbe og lage et s\u00e5kalt &laquo;t\u00f8rrhetslager&raquo;, som gj\u00f8r huset i stand til \u00e5 takle de fuktige, overskyede dagene. Det kan f.eks. ta 6 m\u00e5neder noen steder og noen uker andre steder for \u00e5 f\u00e5 ut fuktigheten og dermed ogs\u00e5 bli kvitt lukten mm. I en kjeller er det ofte mye fukt, flere rom og mange ting, derfor kan det ta lengre tid \u00e5 f\u00e5 ut fukten og enda lenger med lukten (noen ting m\u00e5 vaskes og rengj\u00f8res for \u00e5 f\u00e5 lukten helt ut).<\/p>\n<p>Pass bare p\u00e5 at SolarVenti g\u00e5r p\u00e5 solfylte dager og er riktig innstilt, samt at det er riktig ventilasjon i huset\/rommet, og at det er et fritt flyt for luften \u00e5 komme mellom rommene og ut av huset igjen.[\/vc_column_text][\/vc_tta_section][\/vc_tta_accordion][\/vc_column][\/vc_row]<\/p>\n<\/div>","protected":false},"excerpt":{"rendered":"<p>[vc_row][vc_column][vc_tta_accordion title_tag=&raquo;h3&#8243; section_title_tag=&raquo;h6&#8243; active_section=&raquo;&raquo; heading=&raquo;h4&#8243;][vc_tta_section title=&raquo;Min SolarVenti fungerer ikke lenger, hva gj\u00f8r jeg?&raquo; tab_id=&raquo;1673434346361-6ffbfeff-0f12&#8243;][vc_column_text]Bruk v\u00e5r feils\u00f8kingsveiledning som du finner her. Solcellen og viften er de to mekaniske delene i anlegget, og det er som oftest med en av disse du kan finne feilen i anlegget ditt, men de kan enkelt skiftes ut. Vi anbefaler at [&hellip;]<\/p>\n","protected":false},"author":1,"featured_media":0,"menu_order":0,"comment_status":"closed","ping_status":"closed","template":"","meta":[],"portfolio_category":[],"portfolio_field":[],"class_list":["post-7903","portfolio","type-portfolio","status-publish","hentry","grve-entry-item"],"yoast_head":"<!-- This site is optimized with the Yoast SEO Premium plugin v25.1 (Yoast SEO v25.1) - https:\/\/yoast.com\/wordpress\/plugins\/seo\/ -->\n<title>Jeg har problemer med produktet mitt FAQ - SolarVenti NORGE<\/title>\n<meta name=\"description\" content=\"Hvis du har problemer med produktet ditt, kan v\u00e5r FAQ v\u00e6re til hjelp. Klikk her for \u00e5 lese mer.\" \/>\n<meta name=\"robots\" content=\"index, follow, max-snippet:-1, max-image-preview:large, max-video-preview:-1\" \/>\n<link rel=\"canonical\" href=\"https:\/\/solarventi.dk\/no\/portfolio-item\/jeg-har-problemer-med-produktet-mitt\/\" \/>\n<meta property=\"og:locale\" content=\"nb_NO\" \/>\n<meta property=\"og:type\" content=\"article\" \/>\n<meta property=\"og:title\" content=\"Jeg har problemer med produktet mitt\" \/>\n<meta property=\"og:description\" content=\"Hvis du har problemer med produktet ditt, kan v\u00e5r FAQ v\u00e6re til hjelp. Klikk her for \u00e5 lese mer.\" \/>\n<meta property=\"og:url\" content=\"https:\/\/solarventi.dk\/no\/portfolio-item\/jeg-har-problemer-med-produktet-mitt\/\" \/>\n<meta property=\"og:site_name\" content=\"SolarVenti NORGE\" \/>\n<meta property=\"article:modified_time\" content=\"2024-04-19T17:07:27+00:00\" \/>\n<meta name=\"twitter:card\" content=\"summary_large_image\" \/>\n<meta name=\"twitter:label1\" content=\"Ansl. lesetid\" \/>\n\t<meta name=\"twitter:data1\" content=\"5 minutter\" \/>\n<script type=\"application\/ld+json\" class=\"yoast-schema-graph\">{\"@context\":\"https:\/\/schema.org\",\"@graph\":[{\"@type\":\"WebPage\",\"@id\":\"https:\/\/solarventi.dk\/no\/portfolio-item\/jeg-har-problemer-med-produktet-mitt\/\",\"url\":\"https:\/\/solarventi.dk\/no\/portfolio-item\/jeg-har-problemer-med-produktet-mitt\/\",\"name\":\"Jeg har problemer med produktet mitt FAQ - SolarVenti NORGE\",\"isPartOf\":{\"@id\":\"https:\/\/solarventi.dk\/no\/#website\"},\"datePublished\":\"2023-02-06T13:04:38+00:00\",\"dateModified\":\"2024-04-19T17:07:27+00:00\",\"description\":\"Hvis du har problemer med produktet ditt, kan v\u00e5r FAQ v\u00e6re til hjelp. Klikk her for \u00e5 lese mer.\",\"breadcrumb\":{\"@id\":\"https:\/\/solarventi.dk\/no\/portfolio-item\/jeg-har-problemer-med-produktet-mitt\/#breadcrumb\"},\"inLanguage\":\"nb-NO\",\"potentialAction\":[{\"@type\":\"ReadAction\",\"target\":[\"https:\/\/solarventi.dk\/no\/portfolio-item\/jeg-har-problemer-med-produktet-mitt\/\"]}]},{\"@type\":\"BreadcrumbList\",\"@id\":\"https:\/\/solarventi.dk\/no\/portfolio-item\/jeg-har-problemer-med-produktet-mitt\/#breadcrumb\",\"itemListElement\":[{\"@type\":\"ListItem\",\"position\":1,\"name\":\"Forside\",\"item\":\"https:\/\/solarventi.dk\/no\/\"},{\"@type\":\"ListItem\",\"position\":2,\"name\":\"Portfolio Items\",\"item\":\"https:\/\/solarventi.dk\/no\/portfolio-item\/\"},{\"@type\":\"ListItem\",\"position\":3,\"name\":\"Jeg har problemer med produktet mitt\"}]},{\"@type\":\"WebSite\",\"@id\":\"https:\/\/solarventi.dk\/no\/#website\",\"url\":\"https:\/\/solarventi.dk\/no\/\",\"name\":\"SolarVenti NORGE\",\"description\":\"Salg av SolarVenti\",\"potentialAction\":[{\"@type\":\"SearchAction\",\"target\":{\"@type\":\"EntryPoint\",\"urlTemplate\":\"https:\/\/solarventi.dk\/no\/?s={search_term_string}\"},\"query-input\":{\"@type\":\"PropertyValueSpecification\",\"valueRequired\":true,\"valueName\":\"search_term_string\"}}],\"inLanguage\":\"nb-NO\"}]}<\/script>\n<!-- \/ Yoast SEO Premium plugin. -->","yoast_head_json":{"title":"Jeg har problemer med produktet mitt FAQ - SolarVenti NORGE","description":"Hvis du har problemer med produktet ditt, kan v\u00e5r FAQ v\u00e6re til hjelp. Klikk her for \u00e5 lese mer.","robots":{"index":"index","follow":"follow","max-snippet":"max-snippet:-1","max-image-preview":"max-image-preview:large","max-video-preview":"max-video-preview:-1"},"canonical":"https:\/\/solarventi.dk\/no\/portfolio-item\/jeg-har-problemer-med-produktet-mitt\/","og_locale":"nb_NO","og_type":"article","og_title":"Jeg har problemer med produktet mitt","og_description":"Hvis du har problemer med produktet ditt, kan v\u00e5r FAQ v\u00e6re til hjelp. Klikk her for \u00e5 lese mer.","og_url":"https:\/\/solarventi.dk\/no\/portfolio-item\/jeg-har-problemer-med-produktet-mitt\/","og_site_name":"SolarVenti NORGE","article_modified_time":"2024-04-19T17:07:27+00:00","twitter_card":"summary_large_image","twitter_misc":{"Ansl. lesetid":"5 minutter"},"schema":{"@context":"https:\/\/schema.org","@graph":[{"@type":"WebPage","@id":"https:\/\/solarventi.dk\/no\/portfolio-item\/jeg-har-problemer-med-produktet-mitt\/","url":"https:\/\/solarventi.dk\/no\/portfolio-item\/jeg-har-problemer-med-produktet-mitt\/","name":"Jeg har problemer med produktet mitt FAQ - SolarVenti NORGE","isPartOf":{"@id":"https:\/\/solarventi.dk\/no\/#website"},"datePublished":"2023-02-06T13:04:38+00:00","dateModified":"2024-04-19T17:07:27+00:00","description":"Hvis du har problemer med produktet ditt, kan v\u00e5r FAQ v\u00e6re til hjelp. Klikk her for \u00e5 lese mer.","breadcrumb":{"@id":"https:\/\/solarventi.dk\/no\/portfolio-item\/jeg-har-problemer-med-produktet-mitt\/#breadcrumb"},"inLanguage":"nb-NO","potentialAction":[{"@type":"ReadAction","target":["https:\/\/solarventi.dk\/no\/portfolio-item\/jeg-har-problemer-med-produktet-mitt\/"]}]},{"@type":"BreadcrumbList","@id":"https:\/\/solarventi.dk\/no\/portfolio-item\/jeg-har-problemer-med-produktet-mitt\/#breadcrumb","itemListElement":[{"@type":"ListItem","position":1,"name":"Forside","item":"https:\/\/solarventi.dk\/no\/"},{"@type":"ListItem","position":2,"name":"Portfolio Items","item":"https:\/\/solarventi.dk\/no\/portfolio-item\/"},{"@type":"ListItem","position":3,"name":"Jeg har problemer med produktet mitt"}]},{"@type":"WebSite","@id":"https:\/\/solarventi.dk\/no\/#website","url":"https:\/\/solarventi.dk\/no\/","name":"SolarVenti NORGE","description":"Salg av SolarVenti","potentialAction":[{"@type":"SearchAction","target":{"@type":"EntryPoint","urlTemplate":"https:\/\/solarventi.dk\/no\/?s={search_term_string}"},"query-input":{"@type":"PropertyValueSpecification","valueRequired":true,"valueName":"search_term_string"}}],"inLanguage":"nb-NO"}]}},"_links":{"self":[{"href":"https:\/\/solarventi.dk\/no\/wp-json\/wp\/v2\/portfolio\/7903","targetHints":{"allow":["GET"]}}],"collection":[{"href":"https:\/\/solarventi.dk\/no\/wp-json\/wp\/v2\/portfolio"}],"about":[{"href":"https:\/\/solarventi.dk\/no\/wp-json\/wp\/v2\/types\/portfolio"}],"author":[{"embeddable":true,"href":"https:\/\/solarventi.dk\/no\/wp-json\/wp\/v2\/users\/1"}],"replies":[{"embeddable":true,"href":"https:\/\/solarventi.dk\/no\/wp-json\/wp\/v2\/comments?post=7903"}],"wp:attachment":[{"href":"https:\/\/solarventi.dk\/no\/wp-json\/wp\/v2\/media?parent=7903"}],"wp:term":[{"taxonomy":"portfolio_category","embeddable":true,"href":"https:\/\/solarventi.dk\/no\/wp-json\/wp\/v2\/portfolio_category?post=7903"},{"taxonomy":"portfolio_field","embeddable":true,"href":"https:\/\/solarventi.dk\/no\/wp-json\/wp\/v2\/portfolio_field?post=7903"}],"curies":[{"name":"wp","href":"https:\/\/api.w.org\/{rel}","templated":true}]}}